{"id":2060,"date":"2004-03-18T18:10:11","date_gmt":"2004-03-18T18:10:11","guid":{"rendered":"https:\/\/juliamasvernat.com.ar\/?post_type=proyecto&#038;p=2060"},"modified":"2025-03-27T16:40:43","modified_gmt":"2025-03-27T16:40:43","slug":"geologia","status":"publish","type":"proyecto","link":"https:\/\/juliamasvernat.com.ar\/en\/proyecto\/geologia\/","title":{"rendered":"Geolog\u00eda"},"content":{"rendered":"<div data-elementor-type=\"wp-post\" data-elementor-id=\"2060\" class=\"elementor elementor-2060\">\n\t\t\t\t<div class=\"elementor-element elementor-element-3dabbf6d e-flex e-con-boxed e-con e-parent\" data-id=\"3dabbf6d\" data-element_type=\"container\">\n\t\t\t\t\t<div class=\"e-con-inner\">\n\t\t<div class=\"elementor-element elementor-element-3c2115ad e-con-full caja-izquierda1100 e-flex e-con e-child\" data-id=\"3c2115ad\" data-element_type=\"container\">\n\t\t\t\t<div class=\"elementor-element elementor-element-55f7204 elementor-widget elementor-widget-heading\" data-id=\"55f7204\" data-element_type=\"widget\" data-widget_type=\"heading.default\">\n\t\t\t\t<div class=\"elementor-widget-container\">\n\t\t\t<h3 class=\"elementor-heading-title elementor-size-default\"><a href=\"https:\/\/juliamasvernat.com.ar\/en\/anios_proyectos\/2004\/\" rel=\"tag\">2004<\/a><\/h3>\t\t<\/div>\n\t\t\t\t<\/div>\n\t\t\t\t<div class=\"elementor-element elementor-element-1300a241 elementor-widget__width-initial elementor-widget elementor-widget-heading\" data-id=\"1300a241\" data-element_type=\"widget\" data-widget_type=\"heading.default\">\n\t\t\t\t<div class=\"elementor-widget-container\">\n\t\t\t<h1 class=\"elementor-heading-title elementor-size-default\">Geolog\u00eda<\/h1>\t\t<\/div>\n\t\t\t\t<\/div>\n\t\t\t\t<div class=\"elementor-element elementor-element-5a9816b elementor-widget elementor-widget-heading\" data-id=\"5a9816b\" data-element_type=\"widget\" data-widget_type=\"heading.default\">\n\t\t\t\t<div class=\"elementor-widget-container\">\n\t\t\t<h2 class=\"elementor-heading-title elementor-size-default\">Si hici\u00e9ramos un corte transversal en una pared, podr\u00edamos descubrir algunos datos sobre su historia, mediante el an\u00e1lisis minucioso de cada una de las delgadas capas que componen ese muro.\nEste mural fue realizado sobre la fachada del Edificio Barolo, en la Ciudad de Buenos Aires, dentro del Programa Cultural Estudio Abierto (2005).<\/h2>\t\t<\/div>\n\t\t\t\t<\/div>\n\t\t\t\t<\/div>\n\t\t<div class=\"elementor-element elementor-element-e963cbc e-con-full e-flex e-con e-child\" data-id=\"e963cbc\" data-element_type=\"container\">\n\t\t\t\t<div class=\"elementor-element elementor-element-3d4a3bb3 elementor-widget__width-inherit elementor-widget elementor-widget-ucaddon_uc_slider_image\" data-id=\"3d4a3bb3\" data-element_type=\"widget\" data-widget_type=\"ucaddon_uc_slider_image.default\">\n\t\t\t\t<div class=\"elementor-widget-container\">\n\t\t\t\n<!-- start Slider Gallery -->\n\t\t<link id='unitegallery-css' href='https:\/\/juliamasvernat.com.ar\/wp-content\/plugins\/unlimited-elements-for-elementor\/assets_libraries\/unitegallery\/css\/unite-gallery.css' type='text\/css' rel='stylesheet' >\n\n<style>\/* widget: Slider Gallery *\/\n\n#uc_uc_slider_image_elementor_3d4a3bb3{\n  overflow:hidden;\n}\n\n#uc_uc_slider_image_elementor_3d4a3bb3-wrapper{\n  min-height:1px;\n}\n\n#uc_uc_slider_image_elementor_3d4a3bb3 .ug-videoplayer .ug-videoplayer-button-close{\n  background-image: unset;\n  transition: all .3s ease;\n  display: flex;\n  align-items: center;\n  justify-content: center;\n}\n\n\n<\/style>\n\n<div id=\"uc_uc_slider_image_elementor_3d4a3bb3-wrapper\">\n<div id=\"uc_uc_slider_image_elementor_3d4a3bb3\" class=\"uc-items-wrapper  uc-remote-parent\" style=\"display:none; margin:0 auto;\"  data-remoteid='auto' data-widgetname='Slider Gallery' data-remote-type=\"gallery\" data-custom-sethtml=\"true\" >\n\n\n<img decoding=\"async\" alt=\"\"\n   src=\"https:\/\/juliamasvernat.com.ar\/wp-content\/uploads\/2025\/03\/geologia01.webp\"\n    data-image=\"https:\/\/juliamasvernat.com.ar\/wp-content\/uploads\/2025\/03\/geologia01.webp\">\n\n<img decoding=\"async\" alt=\"\"\n   src=\"https:\/\/juliamasvernat.com.ar\/wp-content\/uploads\/2025\/03\/geologia02.webp\"\n    data-image=\"https:\/\/juliamasvernat.com.ar\/wp-content\/uploads\/2025\/03\/geologia02.webp\">\n\n<img decoding=\"async\" alt=\"\"\n   src=\"https:\/\/juliamasvernat.com.ar\/wp-content\/uploads\/2025\/03\/geologia03.webp\"\n    data-image=\"https:\/\/juliamasvernat.com.ar\/wp-content\/uploads\/2025\/03\/geologia03.webp\">\n\n<img decoding=\"async\" alt=\"\"\n   src=\"https:\/\/juliamasvernat.com.ar\/wp-content\/uploads\/2025\/03\/geologia04.webp\"\n    data-image=\"https:\/\/juliamasvernat.com.ar\/wp-content\/uploads\/2025\/03\/geologia04.webp\">\n\n<img decoding=\"async\" alt=\"\"\n   src=\"https:\/\/juliamasvernat.com.ar\/wp-content\/uploads\/2025\/03\/geologia05.webp\"\n    data-image=\"https:\/\/juliamasvernat.com.ar\/wp-content\/uploads\/2025\/03\/geologia05.webp\">\n\n<img decoding=\"async\" alt=\"\"\n   src=\"https:\/\/juliamasvernat.com.ar\/wp-content\/uploads\/2025\/03\/geologia06.webp\"\n    data-image=\"https:\/\/juliamasvernat.com.ar\/wp-content\/uploads\/2025\/03\/geologia06.webp\">\n\n  \n<\/div>\n<\/div>\n<!-- end Slider Gallery -->\t\t<\/div>\n\t\t\t\t<\/div>\n\t\t\t\t<div class=\"elementor-element elementor-element-51f12242 elementor-widget elementor-widget-ucaddon_remote_control_bullet_navigation\" data-id=\"51f12242\" data-element_type=\"widget\" data-widget_type=\"ucaddon_remote_control_bullet_navigation.default\">\n\t\t\t\t<div class=\"elementor-widget-container\">\n\t\t\t\n<!-- start Remote Bullets -->\n<style>\/* widget: Remote Bullets *\/\n\n#uc_remote_control_bullet_navigation_elementor_51f12242 \n{\n  display:flex;\n  flex-wrap: wrap;\n}\n\n#uc_remote_control_bullet_navigation_elementor_51f12242 .ue-remote-bullet-btn\n{\n  display:flex;\n  align-items:center;\n  justify-content:center;\n  cursor:pointer;\n  transition:0.3s;\n  flex-grow: 0;\n  flex-shrink: 0;\n}\n\n<\/style>\n\n<div class=\"ue-remote-bullets\" id=\"uc_remote_control_bullet_navigation_elementor_51f12242\"  data-parentid='auto'> \n\t\n<\/div>\n<!-- end Remote Bullets -->\t\t<\/div>\n\t\t\t\t<\/div>\n\t\t\t\t<\/div>\n\t\t\t\t\t<\/div>\n\t\t\t\t<\/div>\n\t\t<div class=\"elementor-element elementor-element-1012c6f5 e-flex e-con-boxed e-con e-parent\" data-id=\"1012c6f5\" data-element_type=\"container\">\n\t\t\t\t\t<div class=\"e-con-inner\">\n\t\t<div class=\"elementor-element elementor-element-53d42e2d e-con-full e-flex e-con e-child\" data-id=\"53d42e2d\" data-element_type=\"container\">\n\t\t\t\t<div class=\"elementor-element elementor-element-3a2cc7fd elementor-hidden-mobile elementor-widget elementor-widget-heading\" data-id=\"3a2cc7fd\" data-element_type=\"widget\" data-widget_type=\"heading.default\">\n\t\t\t\t<div class=\"elementor-widget-container\">\n\t\t\t<h4 class=\"elementor-heading-title elementor-size-default\">Keywords:<\/h4>\t\t<\/div>\n\t\t\t\t<\/div>\n\t\t\t\t<div class=\"elementor-element elementor-element-100cf4b2 elementor-widget elementor-widget-heading\" data-id=\"100cf4b2\" data-element_type=\"widget\" data-widget_type=\"heading.default\">\n\t\t\t\t<div class=\"elementor-widget-container\">\n\t\t\t<h3 class=\"elementor-heading-title elementor-size-default\">Estudio Abierto, Buenos Aires, 2005<\/h3>\t\t<\/div>\n\t\t\t\t<\/div>\n\t\t\t\t<div class=\"elementor-element elementor-element-1d1ad922 elementor-hidden-mobile elementor-widget elementor-widget-text-editor\" data-id=\"1d1ad922\" data-element_type=\"widget\" data-widget_type=\"text-editor.default\">\n\t\t\t\t<div class=\"elementor-widget-container\">\n\t\t\t\t\t\t\t<a href=\"https:\/\/juliamasvernat.com.ar\/en\/etiqueta-de-proyecto\/abstraccion-geometrica-rioplatense\/\" rel=\"tag\">Abstraccion geometrica rioplatense<\/a><br><a href=\"https:\/\/juliamasvernat.com.ar\/en\/etiqueta-de-proyecto\/low-tech\/\" rel=\"tag\">low-tech<\/a><br><a href=\"https:\/\/juliamasvernat.com.ar\/en\/etiqueta-de-proyecto\/territorio\/\" rel=\"tag\">Territorio<\/a>\t\t\t\t\t\t<\/div>\n\t\t\t\t<\/div>\n\t\t\t\t<\/div>\n\t\t<div class=\"elementor-element elementor-element-651a5ba4 e-con-full e-flex e-con e-child\" data-id=\"651a5ba4\" data-element_type=\"container\">\n\t\t\t\t<div class=\"elementor-element elementor-element-3bba062d elementor-hidden-desktop elementor-hidden-tablet elementor-widget elementor-widget-heading\" data-id=\"3bba062d\" data-element_type=\"widget\" data-widget_type=\"heading.default\">\n\t\t\t\t<div class=\"elementor-widget-container\">\n\t\t\t<h4 class=\"elementor-heading-title elementor-size-default\">Keywords:<\/h4>\t\t<\/div>\n\t\t\t\t<\/div>\n\t\t\t\t<div class=\"elementor-element elementor-element-202b2d2d elementor-hidden-desktop elementor-hidden-tablet elementor-widget elementor-widget-text-editor\" data-id=\"202b2d2d\" data-element_type=\"widget\" data-widget_type=\"text-editor.default\">\n\t\t\t\t<div class=\"elementor-widget-container\">\n\t\t\t\t\t\t\t<a href=\"https:\/\/juliamasvernat.com.ar\/en\/etiqueta-de-proyecto\/abstraccion-geometrica-rioplatense\/\" rel=\"tag\">Abstraccion geometrica rioplatense<\/a>, <a href=\"https:\/\/juliamasvernat.com.ar\/en\/etiqueta-de-proyecto\/low-tech\/\" rel=\"tag\">low-tech<\/a>, <a href=\"https:\/\/juliamasvernat.com.ar\/en\/etiqueta-de-proyecto\/territorio\/\" rel=\"tag\">Territorio<\/a>\t\t\t\t\t\t<\/div>\n\t\t\t\t<\/div>\n\t\t\t\t<div class=\"elementor-element elementor-element-161daf4f boton-flecha flecha-indigo elementor-widget elementor-widget-button\" data-id=\"161daf4f\" data-element_type=\"widget\" data-widget_type=\"button.default\">\n\t\t\t\t<div class=\"elementor-widget-container\">\n\t\t\t\t\t<div class=\"elementor-button-wrapper\">\n\t\t\t<a class=\"elementor-button elementor-button-link elementor-size-sm\" href=\"\/en\/proyectos\/\">\n\t\t\t\t\t\t<span class=\"elementor-button-content-wrapper\">\n\t\t\t\t\t\t<span class=\"elementor-button-icon\">\n\t\t\t\t<svg xmlns=\"http:\/\/www.w3.org\/2000\/svg\" viewbox=\"0 0 21 21\"><defs><style>      .cls-1 {        fill: #00132f;      }    <\/style><\/defs><g><g id=\"Capa_1\"><path class=\"cls-1\" d=\"M10.5,21c-.3,0-.5,0-.7-.3-.4-.4-.4-1,0-1.4l7.8-7.8H1c-.6,0-1-.4-1-1s.4-1,1-1h16.6L9.8,1.7c-.4-.4-.4-1,0-1.4s1-.4,1.4,0l9.5,9.5c.4.4.4,1,0,1.4l-9.5,9.5c-.2.2-.5.3-.7.3Z\"><\/path><\/g><\/g><\/svg>\t\t\t<\/span>\n\t\t\t\t\t\t\t\t\t<span class=\"elementor-button-text\">Proyectos<\/span>\n\t\t\t\t\t<\/span>\n\t\t\t\t\t<\/a>\n\t\t<\/div>\n\t\t\t\t<\/div>\n\t\t\t\t<\/div>\n\t\t\t\t<\/div>\n\t\t\t\t\t<\/div>\n\t\t\t\t<\/div>\n\t\t\t\t<\/div>","protected":false},"excerpt":{"rendered":"<p>Si hici\u00e9ramos un corte transversal en una pared, podr\u00edamos descubrir algunos datos sobre su historia, mediante el an\u00e1lisis minucioso de cada una de las delgadas capas que componen ese muro.<br \/>\nEste mural fue realizado sobre la fachada del Edificio Barolo, en la Ciudad de Buenos Aires, dentro del Programa Cultural Estudio Abierto (2005).<\/p>","protected":false},"featured_media":2061,"template":"elementor_theme","meta":{"_acf_changed":false,"_links_to":"","_links_to_target":""},"anios_proyectos":[149],"categoria-de-proyecto":[29,32,100],"etiqueta-de-proyecto":[78,145,97],"class_list":["post-2060","proyecto","type-proyecto","status-publish","has-post-thumbnail","hentry","anios_proyectos-149","categoria-de-proyecto-collage","categoria-de-proyecto-murales","categoria-de-proyecto-sitio-especifico","etiqueta-de-proyecto-abstraccion-geometrica-rioplatense","etiqueta-de-proyecto-low-tech","etiqueta-de-proyecto-territorio"],"acf":[],"yoast_head":"<!-- This site is optimized with the Yoast SEO plugin v27.4 - https:\/\/yoast.com\/product\/yoast-seo-wordpress\/ -->\n<title>Geolog\u00eda - Julia Masvernat<\/title>\n<meta name=\"robots\" content=\"index, follow, max-snippet:-1, max-image-preview:large, max-video-preview:-1\" \/>\n<link rel=\"canonical\" href=\"https:\/\/juliamasvernat.com.ar\/en\/proyecto\/geologia\/\" \/>\n<meta property=\"og:locale\" content=\"en_US\" \/>\n<meta property=\"og:type\" content=\"article\" \/>\n<meta property=\"og:title\" content=\"Geolog\u00eda - Julia Masvernat\" \/>\n<meta property=\"og:description\" content=\"Si hici\u00e9ramos un corte transversal en una pared, podr\u00edamos descubrir algunos datos sobre su historia, mediante el an\u00e1lisis minucioso de cada una de las delgadas capas que componen ese muro. Este mural fue realizado sobre la fachada del Edificio Barolo, en la Ciudad de Buenos Aires, dentro del Programa Cultural Estudio Abierto (2005).\" \/>\n<meta property=\"og:url\" content=\"https:\/\/juliamasvernat.com.ar\/en\/proyecto\/geologia\/\" \/>\n<meta property=\"og:site_name\" content=\"Julia Masvernat\" \/>\n<meta property=\"article:modified_time\" content=\"2025-03-27T16:40:43+00:00\" \/>\n<meta property=\"og:image\" content=\"https:\/\/juliamasvernat.com.ar\/wp-content\/uploads\/2025\/03\/geologia01.webp\" \/>\n\t<meta property=\"og:image:width\" content=\"1530\" \/>\n\t<meta property=\"og:image:height\" content=\"980\" \/>\n\t<meta property=\"og:image:type\" content=\"image\/webp\" \/>\n<meta name=\"twitter:card\" content=\"summary_large_image\" \/>\n<meta name=\"twitter:label1\" content=\"Est. reading time\" \/>\n\t<meta name=\"twitter:data1\" content=\"2 minutes\" \/>\n<script type=\"application\/ld+json\" class=\"yoast-schema-graph\">{\"@context\":\"https:\\\/\\\/schema.org\",\"@graph\":[{\"@type\":\"WebPage\",\"@id\":\"https:\\\/\\\/juliamasvernat.com.ar\\\/proyecto\\\/geologia\\\/\",\"url\":\"https:\\\/\\\/juliamasvernat.com.ar\\\/proyecto\\\/geologia\\\/\",\"name\":\"Geolog\u00eda - Julia Masvernat\",\"isPartOf\":{\"@id\":\"https:\\\/\\\/juliamasvernat.com.ar\\\/#website\"},\"primaryImageOfPage\":{\"@id\":\"https:\\\/\\\/juliamasvernat.com.ar\\\/proyecto\\\/geologia\\\/#primaryimage\"},\"image\":{\"@id\":\"https:\\\/\\\/juliamasvernat.com.ar\\\/proyecto\\\/geologia\\\/#primaryimage\"},\"thumbnailUrl\":\"https:\\\/\\\/juliamasvernat.com.ar\\\/wp-content\\\/uploads\\\/2025\\\/03\\\/geologia01.webp\",\"datePublished\":\"2004-03-18T18:10:11+00:00\",\"dateModified\":\"2025-03-27T16:40:43+00:00\",\"breadcrumb\":{\"@id\":\"https:\\\/\\\/juliamasvernat.com.ar\\\/proyecto\\\/geologia\\\/#breadcrumb\"},\"inLanguage\":\"en-US\",\"potentialAction\":[{\"@type\":\"ReadAction\",\"target\":[\"https:\\\/\\\/juliamasvernat.com.ar\\\/proyecto\\\/geologia\\\/\"]}]},{\"@type\":\"ImageObject\",\"inLanguage\":\"en-US\",\"@id\":\"https:\\\/\\\/juliamasvernat.com.ar\\\/proyecto\\\/geologia\\\/#primaryimage\",\"url\":\"https:\\\/\\\/juliamasvernat.com.ar\\\/wp-content\\\/uploads\\\/2025\\\/03\\\/geologia01.webp\",\"contentUrl\":\"https:\\\/\\\/juliamasvernat.com.ar\\\/wp-content\\\/uploads\\\/2025\\\/03\\\/geologia01.webp\",\"width\":1530,\"height\":980},{\"@type\":\"BreadcrumbList\",\"@id\":\"https:\\\/\\\/juliamasvernat.com.ar\\\/proyecto\\\/geologia\\\/#breadcrumb\",\"itemListElement\":[{\"@type\":\"ListItem\",\"position\":1,\"name\":\"Portada\",\"item\":\"https:\\\/\\\/juliamasvernat.com.ar\\\/\"},{\"@type\":\"ListItem\",\"position\":2,\"name\":\"Geolog\u00eda\"}]},{\"@type\":\"WebSite\",\"@id\":\"https:\\\/\\\/juliamasvernat.com.ar\\\/#website\",\"url\":\"https:\\\/\\\/juliamasvernat.com.ar\\\/\",\"name\":\"Julia Masvernat\",\"description\":\"Artista visual y docente\",\"publisher\":{\"@id\":\"https:\\\/\\\/juliamasvernat.com.ar\\\/#organization\"},\"potentialAction\":[{\"@type\":\"SearchAction\",\"target\":{\"@type\":\"EntryPoint\",\"urlTemplate\":\"https:\\\/\\\/juliamasvernat.com.ar\\\/?s={search_term_string}\"},\"query-input\":{\"@type\":\"PropertyValueSpecification\",\"valueRequired\":true,\"valueName\":\"search_term_string\"}}],\"inLanguage\":\"en-US\"},{\"@type\":\"Organization\",\"@id\":\"https:\\\/\\\/juliamasvernat.com.ar\\\/#organization\",\"name\":\"Julia Masvernat\",\"url\":\"https:\\\/\\\/juliamasvernat.com.ar\\\/\",\"logo\":{\"@type\":\"ImageObject\",\"inLanguage\":\"en-US\",\"@id\":\"https:\\\/\\\/juliamasvernat.com.ar\\\/#\\\/schema\\\/logo\\\/image\\\/\",\"url\":\"https:\\\/\\\/juliamasvernat.com.ar\\\/wp-content\\\/uploads\\\/2024\\\/09\\\/logo-julia-masvernat.svg\",\"contentUrl\":\"https:\\\/\\\/juliamasvernat.com.ar\\\/wp-content\\\/uploads\\\/2024\\\/09\\\/logo-julia-masvernat.svg\",\"caption\":\"Julia Masvernat\"},\"image\":{\"@id\":\"https:\\\/\\\/juliamasvernat.com.ar\\\/#\\\/schema\\\/logo\\\/image\\\/\"}}]}<\/script>\n<!-- \/ Yoast SEO plugin. -->","yoast_head_json":{"title":"Geolog\u00eda - Julia Masvernat","robots":{"index":"index","follow":"follow","max-snippet":"max-snippet:-1","max-image-preview":"max-image-preview:large","max-video-preview":"max-video-preview:-1"},"canonical":"https:\/\/juliamasvernat.com.ar\/en\/proyecto\/geologia\/","og_locale":"en_US","og_type":"article","og_title":"Geolog\u00eda - Julia Masvernat","og_description":"Si hici\u00e9ramos un corte transversal en una pared, podr\u00edamos descubrir algunos datos sobre su historia, mediante el an\u00e1lisis minucioso de cada una de las delgadas capas que componen ese muro. Este mural fue realizado sobre la fachada del Edificio Barolo, en la Ciudad de Buenos Aires, dentro del Programa Cultural Estudio Abierto (2005).","og_url":"https:\/\/juliamasvernat.com.ar\/en\/proyecto\/geologia\/","og_site_name":"Julia Masvernat","article_modified_time":"2025-03-27T16:40:43+00:00","og_image":[{"width":1530,"height":980,"url":"https:\/\/juliamasvernat.com.ar\/wp-content\/uploads\/2025\/03\/geologia01.webp","type":"image\/webp"}],"twitter_card":"summary_large_image","twitter_misc":{"Est. reading time":"2 minutes"},"schema":{"@context":"https:\/\/schema.org","@graph":[{"@type":"WebPage","@id":"https:\/\/juliamasvernat.com.ar\/proyecto\/geologia\/","url":"https:\/\/juliamasvernat.com.ar\/proyecto\/geologia\/","name":"Geolog\u00eda - Julia Masvernat","isPartOf":{"@id":"https:\/\/juliamasvernat.com.ar\/#website"},"primaryImageOfPage":{"@id":"https:\/\/juliamasvernat.com.ar\/proyecto\/geologia\/#primaryimage"},"image":{"@id":"https:\/\/juliamasvernat.com.ar\/proyecto\/geologia\/#primaryimage"},"thumbnailUrl":"https:\/\/juliamasvernat.com.ar\/wp-content\/uploads\/2025\/03\/geologia01.webp","datePublished":"2004-03-18T18:10:11+00:00","dateModified":"2025-03-27T16:40:43+00:00","breadcrumb":{"@id":"https:\/\/juliamasvernat.com.ar\/proyecto\/geologia\/#breadcrumb"},"inLanguage":"en-US","potentialAction":[{"@type":"ReadAction","target":["https:\/\/juliamasvernat.com.ar\/proyecto\/geologia\/"]}]},{"@type":"ImageObject","inLanguage":"en-US","@id":"https:\/\/juliamasvernat.com.ar\/proyecto\/geologia\/#primaryimage","url":"https:\/\/juliamasvernat.com.ar\/wp-content\/uploads\/2025\/03\/geologia01.webp","contentUrl":"https:\/\/juliamasvernat.com.ar\/wp-content\/uploads\/2025\/03\/geologia01.webp","width":1530,"height":980},{"@type":"BreadcrumbList","@id":"https:\/\/juliamasvernat.com.ar\/proyecto\/geologia\/#breadcrumb","itemListElement":[{"@type":"ListItem","position":1,"name":"Portada","item":"https:\/\/juliamasvernat.com.ar\/"},{"@type":"ListItem","position":2,"name":"Geolog\u00eda"}]},{"@type":"WebSite","@id":"https:\/\/juliamasvernat.com.ar\/#website","url":"https:\/\/juliamasvernat.com.ar\/","name":"Julia Masvernat","description":"Artista visual y docente","publisher":{"@id":"https:\/\/juliamasvernat.com.ar\/#organization"},"potentialAction":[{"@type":"SearchAction","target":{"@type":"EntryPoint","urlTemplate":"https:\/\/juliamasvernat.com.ar\/?s={search_term_string}"},"query-input":{"@type":"PropertyValueSpecification","valueRequired":true,"valueName":"search_term_string"}}],"inLanguage":"en-US"},{"@type":"Organization","@id":"https:\/\/juliamasvernat.com.ar\/#organization","name":"Julia Masvernat","url":"https:\/\/juliamasvernat.com.ar\/","logo":{"@type":"ImageObject","inLanguage":"en-US","@id":"https:\/\/juliamasvernat.com.ar\/#\/schema\/logo\/image\/","url":"https:\/\/juliamasvernat.com.ar\/wp-content\/uploads\/2024\/09\/logo-julia-masvernat.svg","contentUrl":"https:\/\/juliamasvernat.com.ar\/wp-content\/uploads\/2024\/09\/logo-julia-masvernat.svg","caption":"Julia Masvernat"},"image":{"@id":"https:\/\/juliamasvernat.com.ar\/#\/schema\/logo\/image\/"}}]}},"_links":{"self":[{"href":"https:\/\/juliamasvernat.com.ar\/en\/wp-json\/wp\/v2\/proyecto\/2060","targetHints":{"allow":["GET"]}}],"collection":[{"href":"https:\/\/juliamasvernat.com.ar\/en\/wp-json\/wp\/v2\/proyecto"}],"about":[{"href":"https:\/\/juliamasvernat.com.ar\/en\/wp-json\/wp\/v2\/types\/proyecto"}],"version-history":[{"count":5,"href":"https:\/\/juliamasvernat.com.ar\/en\/wp-json\/wp\/v2\/proyecto\/2060\/revisions"}],"predecessor-version":[{"id":2072,"href":"https:\/\/juliamasvernat.com.ar\/en\/wp-json\/wp\/v2\/proyecto\/2060\/revisions\/2072"}],"wp:featuredmedia":[{"embeddable":true,"href":"https:\/\/juliamasvernat.com.ar\/en\/wp-json\/wp\/v2\/media\/2061"}],"wp:attachment":[{"href":"https:\/\/juliamasvernat.com.ar\/en\/wp-json\/wp\/v2\/media?parent=2060"}],"wp:term":[{"taxonomy":"anios_proyectos","embeddable":true,"href":"https:\/\/juliamasvernat.com.ar\/en\/wp-json\/wp\/v2\/anios_proyectos?post=2060"},{"taxonomy":"categoria-de-proyecto","embeddable":true,"href":"https:\/\/juliamasvernat.com.ar\/en\/wp-json\/wp\/v2\/categoria-de-proyecto?post=2060"},{"taxonomy":"etiqueta-de-proyecto","embeddable":true,"href":"https:\/\/juliamasvernat.com.ar\/en\/wp-json\/wp\/v2\/etiqueta-de-proyecto?post=2060"}],"curies":[{"name":"wp","href":"https:\/\/api.w.org\/{rel}","templated":true}]}}