{"id":23,"date":"2024-09-17T18:32:00","date_gmt":"2024-09-17T18:32:00","guid":{"rendered":"http:\/\/uv021331.cph42.allytech.com\/?page_id=23"},"modified":"2025-02-16T15:54:49","modified_gmt":"2025-02-16T15:54:49","slug":"inicio","status":"publish","type":"page","link":"https:\/\/juliamasvernat.com.ar\/en\/","title":{"rendered":"Inicio"},"content":{"rendered":"<div data-elementor-type=\"wp-page\" data-elementor-id=\"23\" class=\"elementor elementor-23\">\n\t\t\t\t<div class=\"elementor-element elementor-element-770ac02 e-flex e-con-boxed e-con e-parent\" data-id=\"770ac02\" data-element_type=\"container\">\n\t\t\t\t\t<div class=\"e-con-inner\">\n\t\t\t\t<div class=\"elementor-element elementor-element-8d849d1 elementor-widget elementor-widget-heading\" data-id=\"8d849d1\" data-element_type=\"widget\" data-widget_type=\"heading.default\">\n\t\t\t\t<div class=\"elementor-widget-container\">\n\t\t\t<h1 class=\"elementor-heading-title elementor-size-default\">JULIA<\/h1>\t\t<\/div>\n\t\t\t\t<\/div>\n\t\t\t\t<div class=\"elementor-element elementor-element-cf8da62 elementor-widget elementor-widget-heading\" data-id=\"cf8da62\" data-element_type=\"widget\" data-widget_type=\"heading.default\">\n\t\t\t\t<div class=\"elementor-widget-container\">\n\t\t\t<h1 class=\"elementor-heading-title elementor-size-default\">masvernat<\/h1>\t\t<\/div>\n\t\t\t\t<\/div>\n\t\t\t\t<div class=\"elementor-element elementor-element-dfe8b51 elementor-widget elementor-widget-spacer\" data-id=\"dfe8b51\" data-element_type=\"widget\" data-widget_type=\"spacer.default\">\n\t\t\t\t<div class=\"elementor-widget-container\">\n\t\t\t\t\t<div class=\"elementor-spacer\">\n\t\t\t<div class=\"elementor-spacer-inner\"><\/div>\n\t\t<\/div>\n\t\t\t\t<\/div>\n\t\t\t\t<\/div>\n\t\t\t\t<div class=\"elementor-element elementor-element-d6c697b elementor-widget elementor-widget-heading\" data-id=\"d6c697b\" data-element_type=\"widget\" data-widget_type=\"heading.default\">\n\t\t\t\t<div class=\"elementor-widget-container\">\n\t\t\t<h2 class=\"elementor-heading-title elementor-size-default\">Visual Glossary<\/h2>\t\t<\/div>\n\t\t\t\t<\/div>\n\t\t\t\t<div class=\"elementor-element elementor-element-1ec18b8 elementor-widget elementor-widget-spacer\" data-id=\"1ec18b8\" data-element_type=\"widget\" data-widget_type=\"spacer.default\">\n\t\t\t\t<div class=\"elementor-widget-container\">\n\t\t\t\t\t<div class=\"elementor-spacer\">\n\t\t\t<div class=\"elementor-spacer-inner\"><\/div>\n\t\t<\/div>\n\t\t\t\t<\/div>\n\t\t\t\t<\/div>\n\t\t\t\t\t<\/div>\n\t\t\t\t<\/div>\n\t\t<div class=\"elementor-element elementor-element-aaec062 e-flex e-con-boxed e-con e-parent\" data-id=\"aaec062\" data-element_type=\"container\" data-settings=\"{&quot;background_background&quot;:&quot;classic&quot;}\">\n\t\t\t\t\t<div class=\"e-con-inner\">\n\t\t\t\t<div class=\"elementor-element elementor-element-af0fbc1 lista-proyectos elementor-widget elementor-widget-ucaddon_post_blocks\" data-id=\"af0fbc1\" data-element_type=\"widget\" data-widget_type=\"ucaddon_post_blocks.default\">\n\t\t\t\t<div class=\"elementor-widget-container\">\n\t\t\t\n<!-- start Post Blocks Proyectos -->\n\t\t<link id='font-awesome-css' href='https:\/\/juliamasvernat.com.ar\/wp-content\/plugins\/unlimited-elements-for-elementor\/assets_libraries\/font-awesome6\/fontawesome-all.min.css' type='text\/css' rel='stylesheet' >\n\t\t<link id='font-awesome-4-shim-css' href='https:\/\/juliamasvernat.com.ar\/wp-content\/plugins\/unlimited-elements-for-elementor\/assets_libraries\/font-awesome6\/fontawesome-v4-shims.min.css' type='text\/css' rel='stylesheet' >\n\n<style>\/* widget: Post Blocks Proyectos *\/\n\n\r\n@keyframes uc_post_blocks_elementor_af0fbc1__item-animation {\r\n  0% {\r\n            transform: translateY(100px);\r\n        \t        \tfilter: blur(10px);\r\n\t\t\t\r\n    \t    opacity: 0;\r\n  }\r\n  100% {\r\n            transform: translateY(0px);\r\n        \t            filter: blur(0px);\r\n            \r\n    \t\topacity: 1;\r\n  }\r\n}\r\n\r\n\r\n#uc_post_blocks_elementor_af0fbc1 .ue_post_blocks_box{\r\n\topacity:0;\r\n}\r\n\r\n\r\n#uc_post_blocks_elementor_af0fbc1 .uc-entrance-animate {\r\n  opacity:1;\r\n}\r\n\r\n#uc_post_blocks_elementor_af0fbc1 .uc-entrance-animate {\r\n\tanimation: uc_post_blocks_elementor_af0fbc1__item-animation 0.6s cubic-bezier(0.470, 0.000, 0.745, 0.715) both;\r\n}\r\n\r\n\t\t\t\n\n#uc_post_blocks_elementor_af0fbc1 {\n    display:grid;\n}\n#uc_post_blocks_elementor_af0fbc1 .ue_post_blocks_box\n{\n  overflow:hidden;\n}\n\n#uc_post_blocks_elementor_af0fbc1 .ue_post_blocks_image\n{\n  overflow:hidden;\n}\n#uc_post_blocks_elementor_af0fbc1 .ue_post_blocks_image img\n{\n  width:100%;\n  display:block;\n}\n#uc_post_blocks_elementor_af0fbc1 .ue_post_blocks_link a\n{\n  display:inline-block;\n  text-decoration:none;\n  text-align:center;\n}\n\n\n#uc_post_blocks_elementor_af0fbc1 .ue-grid-item-meta-data\n{\n  display:inlin-flex;\n  flex-wrap: wrap;\n}\n\n.ue-grid-item-meta-data\n{\n  font-size:12px;\n}\n\n#uc_post_blocks_elementor_af0fbc1 .ue-grid-item-meta-data-icon\n{\n  line-height:1em;\n}\n\n#uc_post_blocks_elementor_af0fbc1 .ue-grid-item-meta-data-icon svg\n{\n  width:1em;\n  height:1em;\n}\n\n#uc_post_blocks_elementor_af0fbc1 .ue_post_blocks_box{\n  display: flex;\n  flex-direction: column;\n}\n#uc_post_blocks_elementor_af0fbc1 .ue_post_blocks_content{\n display: flex; flex-grow: 1;\n flex-direction: column;\n}\n#uc_post_blocks_elementor_af0fbc1 .ue_post_blocks_link{ margin-top: auto;\n}\n\n.ue-grid-item-category a\n{\n  display:inline-block;\n  font-size:10px;\n  text-transform:uppercase;\n}\n\n\n#uc_post_blocks_elementor_af0fbc1 .ue_post_blocks_box\n{\n  position:relative;\n}\n\n#uc_post_blocks_elementor_af0fbc1 .ue_post_blocks_content\n{\n  position:absolute;\n  top:0;\n  bottom:0;\n  right:0;\n  left:0;\n}\n\n\n\n<\/style>\n\n<div id=\"uc_post_blocks_elementor_af0fbc1\" class=\"ue_post_blocks uc-items-wrapper\" >\n    <div class=\"ue_post_blocks_box\">\n    <div class=\"ue_post_blocks_image\">\n    <a href=\"https:\/\/juliamasvernat.com.ar\/en\/proyecto\/sedimentos-impresos\/\" style=\"display:block;\"><img loading=\"lazy\" decoding=\"async\" src=\"https:\/\/juliamasvernat.com.ar\/wp-content\/uploads\/2026\/01\/sedimentos02-1-768x492.jpg\"  alt=\"sedimentos02-1\" width=\"768\" height=\"492\"><\/a>\n  <\/div>\n    \n  <div class=\"ue_post_blocks_content\">\n      \n     \n         \n    <div class=\"ue_post_blocks_title\"><a href=\"https:\/\/juliamasvernat.com.ar\/en\/proyecto\/sedimentos-impresos\/\">Sedimentos impresos<\/a><\/div>    \n              <div class=\"ue-grid-item-meta-data\">\n            <div class=\"ue-grid-item-meta-data-date\"><span class=\"ue-grid-item-meta-data-icon\"><i class=''><\/i><\/span> 2025<\/div>                    \t  \n    \t<\/div>\n         \n    \n            <\/div>\n  <a href=\"https:\/\/juliamasvernat.com.ar\/en\/proyecto\/sedimentos-impresos\/\" style=\"display:block;position: absolute; width: 100%; height: 100%;\"><\/a>\n<\/div>\n<div class=\"ue_post_blocks_box\">\n    <div class=\"ue_post_blocks_image\">\n    <a href=\"https:\/\/juliamasvernat.com.ar\/en\/proyecto\/sedimentos\/\" style=\"display:block;\"><img loading=\"lazy\" decoding=\"async\" src=\"https:\/\/juliamasvernat.com.ar\/wp-content\/uploads\/2026\/01\/sedimentos-A-1-768x492.jpg\"  alt=\"sedimentos-A-1\" width=\"768\" height=\"492\"><\/a>\n  <\/div>\n    \n  <div class=\"ue_post_blocks_content\">\n      \n     \n         \n    <div class=\"ue_post_blocks_title\"><a href=\"https:\/\/juliamasvernat.com.ar\/en\/proyecto\/sedimentos\/\">Sedimentos crom\u00e1ticos<\/a><\/div>    \n              <div class=\"ue-grid-item-meta-data\">\n            <div class=\"ue-grid-item-meta-data-date\"><span class=\"ue-grid-item-meta-data-icon\"><i class=''><\/i><\/span> 2025<\/div>                    \t  \n    \t<\/div>\n         \n    \n            <\/div>\n  <a href=\"https:\/\/juliamasvernat.com.ar\/en\/proyecto\/sedimentos\/\" style=\"display:block;position: absolute; width: 100%; height: 100%;\"><\/a>\n<\/div>\n<div class=\"ue_post_blocks_box\">\n    <div class=\"ue_post_blocks_image\">\n    <a href=\"https:\/\/juliamasvernat.com.ar\/en\/proyecto\/sedimentos-cromaticos\/\" style=\"display:block;\"><img loading=\"lazy\" decoding=\"async\" src=\"https:\/\/juliamasvernat.com.ar\/wp-content\/uploads\/2025\/12\/sedimentos01-detalle1-768x492.jpg\"  alt=\"sedimentos01-detalle1\" width=\"768\" height=\"492\"><\/a>\n  <\/div>\n    \n  <div class=\"ue_post_blocks_content\">\n      \n     \n         \n    <div class=\"ue_post_blocks_title\"><a href=\"https:\/\/juliamasvernat.com.ar\/en\/proyecto\/sedimentos-cromaticos\/\">Sedimentos crom\u00e1ticos<\/a><\/div>    \n              <div class=\"ue-grid-item-meta-data\">\n            <div class=\"ue-grid-item-meta-data-date\"><span class=\"ue-grid-item-meta-data-icon\"><i class=''><\/i><\/span> 2025<\/div>                    \t  \n    \t<\/div>\n         \n    \n            <\/div>\n  <a href=\"https:\/\/juliamasvernat.com.ar\/en\/proyecto\/sedimentos-cromaticos\/\" style=\"display:block;position: absolute; width: 100%; height: 100%;\"><\/a>\n<\/div>\n<div class=\"ue_post_blocks_box\">\n    <div class=\"ue_post_blocks_image\">\n    <a href=\"https:\/\/juliamasvernat.com.ar\/en\/proyecto\/fuerza-suave-2\/\" style=\"display:block;\"><img loading=\"lazy\" decoding=\"async\" src=\"https:\/\/juliamasvernat.com.ar\/wp-content\/uploads\/2026\/01\/fuerza-suave-uade-04-768x492.jpg\"  alt=\"fuerza suave-uade-04\" width=\"768\" height=\"492\"><\/a>\n  <\/div>\n    \n  <div class=\"ue_post_blocks_content\">\n      \n     \n         \n    <div class=\"ue_post_blocks_title\"><a href=\"https:\/\/juliamasvernat.com.ar\/en\/proyecto\/fuerza-suave-2\/\">Los huesos del paisaje<\/a><\/div>    \n              <div class=\"ue-grid-item-meta-data\">\n            <div class=\"ue-grid-item-meta-data-date\"><span class=\"ue-grid-item-meta-data-icon\"><i class=''><\/i><\/span> 2025<\/div>                    \t  \n    \t<\/div>\n         \n    \n            <\/div>\n  <a href=\"https:\/\/juliamasvernat.com.ar\/en\/proyecto\/fuerza-suave-2\/\" style=\"display:block;position: absolute; width: 100%; height: 100%;\"><\/a>\n<\/div>\n<div class=\"ue_post_blocks_box\">\n    <div class=\"ue_post_blocks_image\">\n    <a href=\"https:\/\/juliamasvernat.com.ar\/en\/proyecto\/sobreimpresos-work-in-progress\/\" style=\"display:block;\"><img loading=\"lazy\" decoding=\"async\" src=\"https:\/\/juliamasvernat.com.ar\/wp-content\/uploads\/2026\/01\/diarios03-768x492.jpg\"  alt=\"diarios03\" width=\"768\" height=\"492\"><\/a>\n  <\/div>\n    \n  <div class=\"ue_post_blocks_content\">\n      \n     \n         \n    <div class=\"ue_post_blocks_title\"><a href=\"https:\/\/juliamasvernat.com.ar\/en\/proyecto\/sobreimpresos-work-in-progress\/\">Sobreimpresos - work in progress<\/a><\/div>    \n              <div class=\"ue-grid-item-meta-data\">\n            <div class=\"ue-grid-item-meta-data-date\"><span class=\"ue-grid-item-meta-data-icon\"><i class=''><\/i><\/span> 2025<\/div>                    \t  \n    \t<\/div>\n         \n    \n            <\/div>\n  <a href=\"https:\/\/juliamasvernat.com.ar\/en\/proyecto\/sobreimpresos-work-in-progress\/\" style=\"display:block;position: absolute; width: 100%; height: 100%;\"><\/a>\n<\/div>\n<div class=\"ue_post_blocks_box\">\n    <div class=\"ue_post_blocks_image\">\n    <a href=\"https:\/\/juliamasvernat.com.ar\/en\/proyecto\/salzamnt\/\" style=\"display:block;\"><img loading=\"lazy\" decoding=\"async\" src=\"https:\/\/juliamasvernat.com.ar\/wp-content\/uploads\/2026\/01\/Linz05-768x492.jpg\"  alt=\"Linz05\" width=\"768\" height=\"492\"><\/a>\n  <\/div>\n    \n  <div class=\"ue_post_blocks_content\">\n      \n     \n         \n    <div class=\"ue_post_blocks_title\"><a href=\"https:\/\/juliamasvernat.com.ar\/en\/proyecto\/salzamnt\/\">Ya estamos en movimiento<\/a><\/div>    \n              <div class=\"ue-grid-item-meta-data\">\n            <div class=\"ue-grid-item-meta-data-date\"><span class=\"ue-grid-item-meta-data-icon\"><i class=''><\/i><\/span> 2025<\/div>                    \t  \n    \t<\/div>\n         \n    \n            <\/div>\n  <a href=\"https:\/\/juliamasvernat.com.ar\/en\/proyecto\/salzamnt\/\" style=\"display:block;position: absolute; width: 100%; height: 100%;\"><\/a>\n<\/div>\n<div class=\"ue_post_blocks_box\">\n    <div class=\"ue_post_blocks_image\">\n    <a href=\"https:\/\/juliamasvernat.com.ar\/en\/proyecto\/borderlands\/\" style=\"display:block;\"><img loading=\"lazy\" decoding=\"async\" src=\"https:\/\/juliamasvernat.com.ar\/wp-content\/uploads\/2025\/02\/borderlands-la-lengua-en-la-calle08-768x492.webp\"  alt=\"borderlands-la lengua en la calle08\" width=\"768\" height=\"492\"><\/a>\n  <\/div>\n    \n  <div class=\"ue_post_blocks_content\">\n      \n     \n         \n    <div class=\"ue_post_blocks_title\"><a href=\"https:\/\/juliamasvernat.com.ar\/en\/proyecto\/borderlands\/\">\u00bfC\u00f3mo se domestica una lengua salvaje?<\/a><\/div>    \n              <div class=\"ue-grid-item-meta-data\">\n            <div class=\"ue-grid-item-meta-data-date\"><span class=\"ue-grid-item-meta-data-icon\"><i class=''><\/i><\/span> 2024<\/div>                    \t  \n    \t<\/div>\n         \n    \n            <\/div>\n  <a href=\"https:\/\/juliamasvernat.com.ar\/en\/proyecto\/borderlands\/\" style=\"display:block;position: absolute; width: 100%; height: 100%;\"><\/a>\n<\/div>\n<div class=\"ue_post_blocks_box\">\n    <div class=\"ue_post_blocks_image\">\n    <a href=\"https:\/\/juliamasvernat.com.ar\/en\/proyecto\/fuerza-suave\/\" style=\"display:block;\"><img loading=\"lazy\" decoding=\"async\" src=\"https:\/\/juliamasvernat.com.ar\/wp-content\/uploads\/2025\/02\/fuerza-suave06-768x492.webp\"  alt=\"fuerza suave06\" width=\"768\" height=\"492\"><\/a>\n  <\/div>\n    \n  <div class=\"ue_post_blocks_content\">\n      \n     \n         \n    <div class=\"ue_post_blocks_title\"><a href=\"https:\/\/juliamasvernat.com.ar\/en\/proyecto\/fuerza-suave\/\">Fuerza suave<\/a><\/div>    \n              <div class=\"ue-grid-item-meta-data\">\n            <div class=\"ue-grid-item-meta-data-date\"><span class=\"ue-grid-item-meta-data-icon\"><i class=''><\/i><\/span> 2024<\/div>                    \t  \n    \t<\/div>\n         \n    \n            <\/div>\n  <a href=\"https:\/\/juliamasvernat.com.ar\/en\/proyecto\/fuerza-suave\/\" style=\"display:block;position: absolute; width: 100%; height: 100%;\"><\/a>\n<\/div>\n<div class=\"ue_post_blocks_box\">\n    <div class=\"ue_post_blocks_image\">\n    <a href=\"https:\/\/juliamasvernat.com.ar\/en\/proyecto\/el-hueso-de-la-pintura-3\/\" style=\"display:block;\"><img loading=\"lazy\" decoding=\"async\" src=\"https:\/\/juliamasvernat.com.ar\/wp-content\/uploads\/2019\/09\/el-hueso-de-la-pintura15-768x492.webp\"  alt=\"\u00bfCu\u00e1ndo la escritura se transforma en dibujo y el dibujo en escritura? Busco aquellos lugares de bordes difusos: la estructura rota de las cosas.\" width=\"768\" height=\"492\"><\/a>\n  <\/div>\n    \n  <div class=\"ue_post_blocks_content\">\n      \n     \n         \n    <div class=\"ue_post_blocks_title\"><a href=\"https:\/\/juliamasvernat.com.ar\/en\/proyecto\/el-hueso-de-la-pintura-3\/\">El hueso de la pintura #3<\/a><\/div>    \n              <div class=\"ue-grid-item-meta-data\">\n            <div class=\"ue-grid-item-meta-data-date\"><span class=\"ue-grid-item-meta-data-icon\"><i class=''><\/i><\/span> 2023<\/div>                    \t  \n    \t<\/div>\n         \n    \n            <\/div>\n  <a href=\"https:\/\/juliamasvernat.com.ar\/en\/proyecto\/el-hueso-de-la-pintura-3\/\" style=\"display:block;position: absolute; width: 100%; height: 100%;\"><\/a>\n<\/div>\n<div class=\"ue_post_blocks_box\">\n    <div class=\"ue_post_blocks_image\">\n    <a href=\"https:\/\/juliamasvernat.com.ar\/en\/proyecto\/una-geografia-a-dentro-de-otra\/\" style=\"display:block;\"><img loading=\"lazy\" decoding=\"async\" src=\"https:\/\/juliamasvernat.com.ar\/wp-content\/uploads\/2025\/02\/carbones01-768x492.webp\"  alt=\"carbones01\" width=\"768\" height=\"492\"><\/a>\n  <\/div>\n    \n  <div class=\"ue_post_blocks_content\">\n      \n     \n         \n    <div class=\"ue_post_blocks_title\"><a href=\"https:\/\/juliamasvernat.com.ar\/en\/proyecto\/una-geografia-a-dentro-de-otra\/\">Una geograf\u00eda dentro de otra<\/a><\/div>    \n              <div class=\"ue-grid-item-meta-data\">\n            <div class=\"ue-grid-item-meta-data-date\"><span class=\"ue-grid-item-meta-data-icon\"><i class=''><\/i><\/span> 2022<\/div>                    \t  \n    \t<\/div>\n         \n    \n            <\/div>\n  <a href=\"https:\/\/juliamasvernat.com.ar\/en\/proyecto\/una-geografia-a-dentro-de-otra\/\" style=\"display:block;position: absolute; width: 100%; height: 100%;\"><\/a>\n<\/div>\n<div class=\"ue_post_blocks_box\">\n    <div class=\"ue_post_blocks_image\">\n    <a href=\"https:\/\/juliamasvernat.com.ar\/en\/proyecto\/posturas-criticas\/\" style=\"display:block;\"><img loading=\"lazy\" decoding=\"async\" src=\"https:\/\/juliamasvernat.com.ar\/wp-content\/uploads\/2025\/02\/web-Julia-Masvernat_Cuerpos-criticos-04_Gouache-sobre-papel_25-x-35-cm-2021.JPG-1-768x492.webp\"  alt=\"web-Julia-Masvernat_Cuerpos-criticos-04_Gouache-sobre-papel_25-x-35-cm-2021\" width=\"768\" height=\"492\"><\/a>\n  <\/div>\n    \n  <div class=\"ue_post_blocks_content\">\n      \n     \n         \n    <div class=\"ue_post_blocks_title\"><a href=\"https:\/\/juliamasvernat.com.ar\/en\/proyecto\/posturas-criticas\/\">Posturas cr\u00edticas<\/a><\/div>    \n              <div class=\"ue-grid-item-meta-data\">\n            <div class=\"ue-grid-item-meta-data-date\"><span class=\"ue-grid-item-meta-data-icon\"><i class=''><\/i><\/span> 2021<\/div>                    \t  \n    \t<\/div>\n         \n    \n            <\/div>\n  <a href=\"https:\/\/juliamasvernat.com.ar\/en\/proyecto\/posturas-criticas\/\" style=\"display:block;position: absolute; width: 100%; height: 100%;\"><\/a>\n<\/div>\n<div class=\"ue_post_blocks_box\">\n    <div class=\"ue_post_blocks_image\">\n    <a href=\"https:\/\/juliamasvernat.com.ar\/en\/proyecto\/el-hueso-de-la-pintura-2-2\/\" style=\"display:block;\"><img loading=\"lazy\" decoding=\"async\" src=\"https:\/\/juliamasvernat.com.ar\/wp-content\/uploads\/2019\/09\/el-hueso-de-la-pintura06-768x492.webp\"  alt=\"el hueso de la pintura\" width=\"768\" height=\"492\"><\/a>\n  <\/div>\n    \n  <div class=\"ue_post_blocks_content\">\n      \n     \n         \n    <div class=\"ue_post_blocks_title\"><a href=\"https:\/\/juliamasvernat.com.ar\/en\/proyecto\/el-hueso-de-la-pintura-2-2\/\">El hueso de la pintura #2<\/a><\/div>    \n              <div class=\"ue-grid-item-meta-data\">\n            <div class=\"ue-grid-item-meta-data-date\"><span class=\"ue-grid-item-meta-data-icon\"><i class=''><\/i><\/span> 2021<\/div>                    \t  \n    \t<\/div>\n         \n    \n            <\/div>\n  <a href=\"https:\/\/juliamasvernat.com.ar\/en\/proyecto\/el-hueso-de-la-pintura-2-2\/\" style=\"display:block;position: absolute; width: 100%; height: 100%;\"><\/a>\n<\/div>\n<div class=\"ue_post_blocks_box\">\n    <div class=\"ue_post_blocks_image\">\n    <a href=\"https:\/\/juliamasvernat.com.ar\/en\/proyecto\/la-lengua-en-la-calle\/\" style=\"display:block;\"><img loading=\"lazy\" decoding=\"async\" src=\"https:\/\/juliamasvernat.com.ar\/wp-content\/uploads\/2025\/02\/la-lengua-768x492.webp\"  alt=\"la lengua\" width=\"768\" height=\"492\"><\/a>\n  <\/div>\n    \n  <div class=\"ue_post_blocks_content\">\n      \n     \n         \n    <div class=\"ue_post_blocks_title\"><a href=\"https:\/\/juliamasvernat.com.ar\/en\/proyecto\/la-lengua-en-la-calle\/\">La Lengua en la Calle<\/a><\/div>    \n              <div class=\"ue-grid-item-meta-data\">\n            <div class=\"ue-grid-item-meta-data-date\"><span class=\"ue-grid-item-meta-data-icon\"><i class=''><\/i><\/span> 2020<\/div>                    \t  \n    \t<\/div>\n         \n    \n            <\/div>\n  <a href=\"https:\/\/juliamasvernat.com.ar\/en\/proyecto\/la-lengua-en-la-calle\/\" style=\"display:block;position: absolute; width: 100%; height: 100%;\"><\/a>\n<\/div>\n<div class=\"ue_post_blocks_box\">\n    <div class=\"ue_post_blocks_image\">\n    <a href=\"https:\/\/juliamasvernat.com.ar\/en\/proyecto\/el-hueso-de-la-pintura-2\/\" style=\"display:block;\"><img loading=\"lazy\" decoding=\"async\" src=\"https:\/\/juliamasvernat.com.ar\/wp-content\/uploads\/2019\/09\/el-hueso-de-la-pintura05-768x492.webp\"  alt=\"el hueso de la pintura05\" width=\"768\" height=\"492\"><\/a>\n  <\/div>\n    \n  <div class=\"ue_post_blocks_content\">\n      \n     \n         \n    <div class=\"ue_post_blocks_title\"><a href=\"https:\/\/juliamasvernat.com.ar\/en\/proyecto\/el-hueso-de-la-pintura-2\/\">El hueso de la pintura #1<\/a><\/div>    \n              <div class=\"ue-grid-item-meta-data\">\n            <div class=\"ue-grid-item-meta-data-date\"><span class=\"ue-grid-item-meta-data-icon\"><i class=''><\/i><\/span> 2019<\/div>                    \t  \n    \t<\/div>\n         \n    \n            <\/div>\n  <a href=\"https:\/\/juliamasvernat.com.ar\/en\/proyecto\/el-hueso-de-la-pintura-2\/\" style=\"display:block;position: absolute; width: 100%; height: 100%;\"><\/a>\n<\/div>\n<div class=\"ue_post_blocks_box\">\n    <div class=\"ue_post_blocks_image\">\n    <a href=\"https:\/\/juliamasvernat.com.ar\/en\/proyecto\/las-formas-fugaces\/\" style=\"display:block;\"><img loading=\"lazy\" decoding=\"async\" src=\"https:\/\/juliamasvernat.com.ar\/wp-content\/uploads\/2024\/09\/Las-formas-fugaces.webp\"  alt=\"Las formas fugaces\" width=\"700\" height=\"521\"><\/a>\n  <\/div>\n    \n  <div class=\"ue_post_blocks_content\">\n      \n     \n         \n    <div class=\"ue_post_blocks_title\"><a href=\"https:\/\/juliamasvernat.com.ar\/en\/proyecto\/las-formas-fugaces\/\">Las formas fugaces<\/a><\/div>    \n              <div class=\"ue-grid-item-meta-data\">\n            <div class=\"ue-grid-item-meta-data-date\"><span class=\"ue-grid-item-meta-data-icon\"><i class=''><\/i><\/span> 2019<\/div>                    \t  \n    \t<\/div>\n         \n    \n            <\/div>\n  <a href=\"https:\/\/juliamasvernat.com.ar\/en\/proyecto\/las-formas-fugaces\/\" style=\"display:block;position: absolute; width: 100%; height: 100%;\"><\/a>\n<\/div>\n<div class=\"ue_post_blocks_box\">\n    <div class=\"ue_post_blocks_image\">\n    <a href=\"https:\/\/juliamasvernat.com.ar\/en\/proyecto\/propagacion-de-las-ondas-sismicas\/\" style=\"display:block;\"><img loading=\"lazy\" decoding=\"async\" src=\"https:\/\/juliamasvernat.com.ar\/wp-content\/uploads\/2024\/09\/Propagacion-de-las-ondas-sismicas.webp\"  alt=\"Propagacio\u0301n de las ondas si\u0301smicas\" width=\"700\" height=\"494\"><\/a>\n  <\/div>\n    \n  <div class=\"ue_post_blocks_content\">\n      \n     \n         \n    <div class=\"ue_post_blocks_title\"><a href=\"https:\/\/juliamasvernat.com.ar\/en\/proyecto\/propagacion-de-las-ondas-sismicas\/\">Propagaci\u00f3n de las ondas s\u00edsmicas<\/a><\/div>    \n              <div class=\"ue-grid-item-meta-data\">\n            <div class=\"ue-grid-item-meta-data-date\"><span class=\"ue-grid-item-meta-data-icon\"><i class=''><\/i><\/span> 2019<\/div>                    \t  \n    \t<\/div>\n         \n    \n            <\/div>\n  <a href=\"https:\/\/juliamasvernat.com.ar\/en\/proyecto\/propagacion-de-las-ondas-sismicas\/\" style=\"display:block;position: absolute; width: 100%; height: 100%;\"><\/a>\n<\/div>\n<div class=\"ue_post_blocks_box\">\n    <div class=\"ue_post_blocks_image\">\n    <a href=\"https:\/\/juliamasvernat.com.ar\/en\/proyecto\/mas-dibujos-involuntarios\/\" style=\"display:block;\"><img loading=\"lazy\" decoding=\"async\" src=\"https:\/\/juliamasvernat.com.ar\/wp-content\/uploads\/2024\/09\/Mas-dibujos-involuntarios.webp\"  alt=\"Ma\u0301s dibujos involuntarios\" width=\"700\" height=\"428\"><\/a>\n  <\/div>\n    \n  <div class=\"ue_post_blocks_content\">\n      \n     \n         \n    <div class=\"ue_post_blocks_title\"><a href=\"https:\/\/juliamasvernat.com.ar\/en\/proyecto\/mas-dibujos-involuntarios\/\">Dibujos involuntarios<\/a><\/div>    \n              <div class=\"ue-grid-item-meta-data\">\n            <div class=\"ue-grid-item-meta-data-date\"><span class=\"ue-grid-item-meta-data-icon\"><i class=''><\/i><\/span> 2019<\/div>                    \t  \n    \t<\/div>\n         \n    \n            <\/div>\n  <a href=\"https:\/\/juliamasvernat.com.ar\/en\/proyecto\/mas-dibujos-involuntarios\/\" style=\"display:block;position: absolute; width: 100%; height: 100%;\"><\/a>\n<\/div>\n<div class=\"ue_post_blocks_box\">\n    <div class=\"ue_post_blocks_image\">\n    <a href=\"https:\/\/juliamasvernat.com.ar\/en\/proyecto\/naturaleza-artificial-2\/\" style=\"display:block;\"><img loading=\"lazy\" decoding=\"async\" src=\"https:\/\/juliamasvernat.com.ar\/wp-content\/uploads\/2025\/02\/naturaleza-artificial02-768x492.webp\"  alt=\"naturaleza artificial\" width=\"768\" height=\"492\"><\/a>\n  <\/div>\n    \n  <div class=\"ue_post_blocks_content\">\n      \n     \n         \n    <div class=\"ue_post_blocks_title\"><a href=\"https:\/\/juliamasvernat.com.ar\/en\/proyecto\/naturaleza-artificial-2\/\">Naturaleza artificial<\/a><\/div>    \n              <div class=\"ue-grid-item-meta-data\">\n            <div class=\"ue-grid-item-meta-data-date\"><span class=\"ue-grid-item-meta-data-icon\"><i class=''><\/i><\/span> 2019<\/div>                    \t  \n    \t<\/div>\n         \n    \n            <\/div>\n  <a href=\"https:\/\/juliamasvernat.com.ar\/en\/proyecto\/naturaleza-artificial-2\/\" style=\"display:block;position: absolute; width: 100%; height: 100%;\"><\/a>\n<\/div>\n<div class=\"ue_post_blocks_box\">\n    <div class=\"ue_post_blocks_image\">\n    <a href=\"https:\/\/juliamasvernat.com.ar\/en\/proyecto\/casas-marcadas\/\" style=\"display:block;\"><img loading=\"lazy\" decoding=\"async\" src=\"https:\/\/juliamasvernat.com.ar\/wp-content\/uploads\/2024\/09\/Casas-marcadas.webp\"  alt=\"Casas marcadas\" width=\"700\" height=\"394\"><\/a>\n  <\/div>\n    \n  <div class=\"ue_post_blocks_content\">\n      \n     \n         \n    <div class=\"ue_post_blocks_title\"><a href=\"https:\/\/juliamasvernat.com.ar\/en\/proyecto\/casas-marcadas\/\">Casas marcadas<\/a><\/div>    \n              <div class=\"ue-grid-item-meta-data\">\n            <div class=\"ue-grid-item-meta-data-date\"><span class=\"ue-grid-item-meta-data-icon\"><i class=''><\/i><\/span> 2018<\/div>                    \t  \n    \t<\/div>\n         \n    \n            <\/div>\n  <a href=\"https:\/\/juliamasvernat.com.ar\/en\/proyecto\/casas-marcadas\/\" style=\"display:block;position: absolute; width: 100%; height: 100%;\"><\/a>\n<\/div>\n<div class=\"ue_post_blocks_box\">\n    <div class=\"ue_post_blocks_image\">\n    <a href=\"https:\/\/juliamasvernat.com.ar\/en\/proyecto\/suspender\/\" style=\"display:block;\"><img loading=\"lazy\" decoding=\"async\" src=\"https:\/\/juliamasvernat.com.ar\/wp-content\/uploads\/2016\/09\/suspender08-768x492.jpg\"  alt=\"suspender08\" width=\"768\" height=\"492\"><\/a>\n  <\/div>\n    \n  <div class=\"ue_post_blocks_content\">\n      \n     \n         \n    <div class=\"ue_post_blocks_title\"><a href=\"https:\/\/juliamasvernat.com.ar\/en\/proyecto\/suspender\/\">Suspender la tierra firme bajo sus pies<\/a><\/div>    \n              <div class=\"ue-grid-item-meta-data\">\n            <div class=\"ue-grid-item-meta-data-date\"><span class=\"ue-grid-item-meta-data-icon\"><i class=''><\/i><\/span> 2018<\/div>                    \t  \n    \t<\/div>\n         \n    \n            <\/div>\n  <a href=\"https:\/\/juliamasvernat.com.ar\/en\/proyecto\/suspender\/\" style=\"display:block;position: absolute; width: 100%; height: 100%;\"><\/a>\n<\/div>\n<div class=\"ue_post_blocks_box\">\n    <div class=\"ue_post_blocks_image\">\n    <a href=\"https:\/\/juliamasvernat.com.ar\/en\/proyecto\/humanidades-4-acercamientos\/\" style=\"display:block;\"><img loading=\"lazy\" decoding=\"async\" src=\"https:\/\/juliamasvernat.com.ar\/wp-content\/uploads\/2024\/09\/Humanidades-4-acercamientos.webp\"  alt=\"Humanidades 4 acercamientos\" width=\"700\" height=\"467\"><\/a>\n  <\/div>\n    \n  <div class=\"ue_post_blocks_content\">\n      \n     \n         \n    <div class=\"ue_post_blocks_title\"><a href=\"https:\/\/juliamasvernat.com.ar\/en\/proyecto\/humanidades-4-acercamientos\/\">Ex-Humanidades | 4 acercamientos<\/a><\/div>    \n              <div class=\"ue-grid-item-meta-data\">\n            <div class=\"ue-grid-item-meta-data-date\"><span class=\"ue-grid-item-meta-data-icon\"><i class=''><\/i><\/span> 2016<\/div>                    \t  \n    \t<\/div>\n         \n    \n            <\/div>\n  <a href=\"https:\/\/juliamasvernat.com.ar\/en\/proyecto\/humanidades-4-acercamientos\/\" style=\"display:block;position: absolute; width: 100%; height: 100%;\"><\/a>\n<\/div>\n<div class=\"ue_post_blocks_box\">\n    <div class=\"ue_post_blocks_image\">\n    <a href=\"https:\/\/juliamasvernat.com.ar\/en\/proyecto\/ensayo-general-12\/\" style=\"display:block;\"><img loading=\"lazy\" decoding=\"async\" src=\"https:\/\/juliamasvernat.com.ar\/wp-content\/uploads\/2024\/09\/Ensayo-general-12.webp\"  alt=\"Ensayo general 12\" width=\"700\" height=\"467\"><\/a>\n  <\/div>\n    \n  <div class=\"ue_post_blocks_content\">\n      \n     \n         \n    <div class=\"ue_post_blocks_title\"><a href=\"https:\/\/juliamasvernat.com.ar\/en\/proyecto\/ensayo-general-12\/\">Ensayo general #12<\/a><\/div>    \n              <div class=\"ue-grid-item-meta-data\">\n            <div class=\"ue-grid-item-meta-data-date\"><span class=\"ue-grid-item-meta-data-icon\"><i class=''><\/i><\/span> 2016<\/div>                    \t  \n    \t<\/div>\n         \n    \n            <\/div>\n  <a href=\"https:\/\/juliamasvernat.com.ar\/en\/proyecto\/ensayo-general-12\/\" style=\"display:block;position: absolute; width: 100%; height: 100%;\"><\/a>\n<\/div>\n<div class=\"ue_post_blocks_box\">\n    <div class=\"ue_post_blocks_image\">\n    <a href=\"https:\/\/juliamasvernat.com.ar\/en\/proyecto\/nocturama\/\" style=\"display:block;\"><img loading=\"lazy\" decoding=\"async\" src=\"https:\/\/juliamasvernat.com.ar\/wp-content\/uploads\/2025\/02\/nocturama13-768x492.webp\"  alt=\"nocturama13\" width=\"768\" height=\"492\"><\/a>\n  <\/div>\n    \n  <div class=\"ue_post_blocks_content\">\n      \n     \n         \n    <div class=\"ue_post_blocks_title\"><a href=\"https:\/\/juliamasvernat.com.ar\/en\/proyecto\/nocturama\/\">Nocturama<\/a><\/div>    \n              <div class=\"ue-grid-item-meta-data\">\n            <div class=\"ue-grid-item-meta-data-date\"><span class=\"ue-grid-item-meta-data-icon\"><i class=''><\/i><\/span> 2015<\/div>                    \t  \n    \t<\/div>\n         \n    \n            <\/div>\n  <a href=\"https:\/\/juliamasvernat.com.ar\/en\/proyecto\/nocturama\/\" style=\"display:block;position: absolute; width: 100%; height: 100%;\"><\/a>\n<\/div>\n<div class=\"ue_post_blocks_box\">\n    <div class=\"ue_post_blocks_image\">\n    <a href=\"https:\/\/juliamasvernat.com.ar\/en\/proyecto\/si-miramos-adentro-de-las-personas-encontramos-paisajes\/\" style=\"display:block;\"><img loading=\"lazy\" decoding=\"async\" src=\"https:\/\/juliamasvernat.com.ar\/wp-content\/uploads\/2025\/02\/paisajes11-768x492.webp\"  alt=\"paisajes11\" width=\"768\" height=\"492\"><\/a>\n  <\/div>\n    \n  <div class=\"ue_post_blocks_content\">\n      \n     \n         \n    <div class=\"ue_post_blocks_title\"><a href=\"https:\/\/juliamasvernat.com.ar\/en\/proyecto\/si-miramos-adentro-de-las-personas-encontramos-paisajes\/\">Si miramos adentro de las personas, encontramos paisajes<\/a><\/div>    \n              <div class=\"ue-grid-item-meta-data\">\n            <div class=\"ue-grid-item-meta-data-date\"><span class=\"ue-grid-item-meta-data-icon\"><i class=''><\/i><\/span> 2015<\/div>                    \t  \n    \t<\/div>\n         \n    \n            <\/div>\n  <a href=\"https:\/\/juliamasvernat.com.ar\/en\/proyecto\/si-miramos-adentro-de-las-personas-encontramos-paisajes\/\" style=\"display:block;position: absolute; width: 100%; height: 100%;\"><\/a>\n<\/div>\n<div class=\"ue_post_blocks_box\">\n    <div class=\"ue_post_blocks_image\">\n    <a href=\"https:\/\/juliamasvernat.com.ar\/en\/proyecto\/mirar-de-cerca-mirar-de-lejos\/\" style=\"display:block;\"><img loading=\"lazy\" decoding=\"async\" src=\"https:\/\/juliamasvernat.com.ar\/wp-content\/uploads\/2024\/09\/taller.webp\"  alt=\"taller\" width=\"700\" height=\"307\"><\/a>\n  <\/div>\n    \n  <div class=\"ue_post_blocks_content\">\n      \n     \n         \n    <div class=\"ue_post_blocks_title\"><a href=\"https:\/\/juliamasvernat.com.ar\/en\/proyecto\/mirar-de-cerca-mirar-de-lejos\/\">Mirar de cerca, Mirar de lejos<\/a><\/div>    \n              <div class=\"ue-grid-item-meta-data\">\n            <div class=\"ue-grid-item-meta-data-date\"><span class=\"ue-grid-item-meta-data-icon\"><i class=''><\/i><\/span> 2013<\/div>                    \t  \n    \t<\/div>\n         \n    \n            <\/div>\n  <a href=\"https:\/\/juliamasvernat.com.ar\/en\/proyecto\/mirar-de-cerca-mirar-de-lejos\/\" style=\"display:block;position: absolute; width: 100%; height: 100%;\"><\/a>\n<\/div>\n<div class=\"ue_post_blocks_box\">\n    <div class=\"ue_post_blocks_image\">\n    <a href=\"https:\/\/juliamasvernat.com.ar\/en\/proyecto\/sombras\/\" style=\"display:block;\"><img loading=\"lazy\" decoding=\"async\" src=\"https:\/\/juliamasvernat.com.ar\/wp-content\/uploads\/2025\/03\/sombras05-768x492.webp\"  alt=\"sombras05\" width=\"768\" height=\"492\"><\/a>\n  <\/div>\n    \n  <div class=\"ue_post_blocks_content\">\n      \n     \n         \n    <div class=\"ue_post_blocks_title\"><a href=\"https:\/\/juliamasvernat.com.ar\/en\/proyecto\/sombras\/\">Sombras<\/a><\/div>    \n              <div class=\"ue-grid-item-meta-data\">\n            <div class=\"ue-grid-item-meta-data-date\"><span class=\"ue-grid-item-meta-data-icon\"><i class=''><\/i><\/span> 2012<\/div>                    \t  \n    \t<\/div>\n         \n    \n            <\/div>\n  <a href=\"https:\/\/juliamasvernat.com.ar\/en\/proyecto\/sombras\/\" style=\"display:block;position: absolute; width: 100%; height: 100%;\"><\/a>\n<\/div>\n<div class=\"ue_post_blocks_box\">\n    <div class=\"ue_post_blocks_image\">\n    <a href=\"https:\/\/juliamasvernat.com.ar\/en\/proyecto\/acoples-periodicos\/\" style=\"display:block;\"><img loading=\"lazy\" decoding=\"async\" src=\"https:\/\/juliamasvernat.com.ar\/wp-content\/uploads\/2025\/02\/acoples-periodicos04-768x492.webp\"  alt=\"acoples-periodicos04\" width=\"768\" height=\"492\"><\/a>\n  <\/div>\n    \n  <div class=\"ue_post_blocks_content\">\n      \n     \n         \n    <div class=\"ue_post_blocks_title\"><a href=\"https:\/\/juliamasvernat.com.ar\/en\/proyecto\/acoples-periodicos\/\">Acoples peri\u00f3dicos<\/a><\/div>    \n              <div class=\"ue-grid-item-meta-data\">\n            <div class=\"ue-grid-item-meta-data-date\"><span class=\"ue-grid-item-meta-data-icon\"><i class=''><\/i><\/span> 2012<\/div>                    \t  \n    \t<\/div>\n         \n    \n            <\/div>\n  <a href=\"https:\/\/juliamasvernat.com.ar\/en\/proyecto\/acoples-periodicos\/\" style=\"display:block;position: absolute; width: 100%; height: 100%;\"><\/a>\n<\/div>\n<div class=\"ue_post_blocks_box\">\n    <div class=\"ue_post_blocks_image\">\n    <a href=\"https:\/\/juliamasvernat.com.ar\/en\/proyecto\/acoples-visuales\/\" style=\"display:block;\"><img loading=\"lazy\" decoding=\"async\" src=\"https:\/\/juliamasvernat.com.ar\/wp-content\/uploads\/2025\/02\/acoples09-768x492.webp\"  alt=\"acoples09\" width=\"768\" height=\"492\"><\/a>\n  <\/div>\n    \n  <div class=\"ue_post_blocks_content\">\n      \n     \n         \n    <div class=\"ue_post_blocks_title\"><a href=\"https:\/\/juliamasvernat.com.ar\/en\/proyecto\/acoples-visuales\/\">Acoples visuales<\/a><\/div>    \n              <div class=\"ue-grid-item-meta-data\">\n            <div class=\"ue-grid-item-meta-data-date\"><span class=\"ue-grid-item-meta-data-icon\"><i class=''><\/i><\/span> 2012<\/div>                    \t  \n    \t<\/div>\n         \n    \n            <\/div>\n  <a href=\"https:\/\/juliamasvernat.com.ar\/en\/proyecto\/acoples-visuales\/\" style=\"display:block;position: absolute; width: 100%; height: 100%;\"><\/a>\n<\/div>\n<div class=\"ue_post_blocks_box\">\n    <div class=\"ue_post_blocks_image\">\n    <a href=\"https:\/\/juliamasvernat.com.ar\/en\/proyecto\/devorador-de-luz\/\" style=\"display:block;\"><img loading=\"lazy\" decoding=\"async\" src=\"https:\/\/juliamasvernat.com.ar\/wp-content\/uploads\/2025\/02\/devorador-de-luz10-768x492.webp\"  alt=\"devorador de luz10\" width=\"768\" height=\"492\"><\/a>\n  <\/div>\n    \n  <div class=\"ue_post_blocks_content\">\n      \n     \n         \n    <div class=\"ue_post_blocks_title\"><a href=\"https:\/\/juliamasvernat.com.ar\/en\/proyecto\/devorador-de-luz\/\">Devorador de luz<\/a><\/div>    \n              <div class=\"ue-grid-item-meta-data\">\n            <div class=\"ue-grid-item-meta-data-date\"><span class=\"ue-grid-item-meta-data-icon\"><i class=''><\/i><\/span> 2012<\/div>                    \t  \n    \t<\/div>\n         \n    \n            <\/div>\n  <a href=\"https:\/\/juliamasvernat.com.ar\/en\/proyecto\/devorador-de-luz\/\" style=\"display:block;position: absolute; width: 100%; height: 100%;\"><\/a>\n<\/div>\n<div class=\"ue_post_blocks_box\">\n    <div class=\"ue_post_blocks_image\">\n    <a href=\"https:\/\/juliamasvernat.com.ar\/en\/proyecto\/luciernaga-sonora\/\" style=\"display:block;\"><img loading=\"lazy\" decoding=\"async\" src=\"https:\/\/juliamasvernat.com.ar\/wp-content\/uploads\/2025\/02\/Picture02-768x580.webp\"  alt=\"Picture02\" width=\"768\" height=\"580\"><\/a>\n  <\/div>\n    \n  <div class=\"ue_post_blocks_content\">\n      \n     \n         \n    <div class=\"ue_post_blocks_title\"><a href=\"https:\/\/juliamasvernat.com.ar\/en\/proyecto\/luciernaga-sonora\/\">Luci\u00e9rnaga sonora<\/a><\/div>    \n              <div class=\"ue-grid-item-meta-data\">\n            <div class=\"ue-grid-item-meta-data-date\"><span class=\"ue-grid-item-meta-data-icon\"><i class=''><\/i><\/span> 2006<\/div>                    \t  \n    \t<\/div>\n         \n    \n            <\/div>\n  <a href=\"https:\/\/juliamasvernat.com.ar\/en\/proyecto\/luciernaga-sonora\/\" style=\"display:block;position: absolute; width: 100%; height: 100%;\"><\/a>\n<\/div>\n<div class=\"ue_post_blocks_box\">\n    <div class=\"ue_post_blocks_image\">\n    <a href=\"https:\/\/juliamasvernat.com.ar\/en\/proyecto\/geologia\/\" style=\"display:block;\"><img loading=\"lazy\" decoding=\"async\" src=\"https:\/\/juliamasvernat.com.ar\/wp-content\/uploads\/2025\/03\/geologia01-768x492.webp\"  alt=\"geologia01\" width=\"768\" height=\"492\"><\/a>\n  <\/div>\n    \n  <div class=\"ue_post_blocks_content\">\n      \n     \n         \n    <div class=\"ue_post_blocks_title\"><a href=\"https:\/\/juliamasvernat.com.ar\/en\/proyecto\/geologia\/\">Geolog\u00eda<\/a><\/div>    \n              <div class=\"ue-grid-item-meta-data\">\n            <div class=\"ue-grid-item-meta-data-date\"><span class=\"ue-grid-item-meta-data-icon\"><i class=''><\/i><\/span> 2004<\/div>                    \t  \n    \t<\/div>\n         \n    \n            <\/div>\n  <a href=\"https:\/\/juliamasvernat.com.ar\/en\/proyecto\/geologia\/\" style=\"display:block;position: absolute; width: 100%; height: 100%;\"><\/a>\n<\/div>\n<div class=\"ue_post_blocks_box\">\n    <div class=\"ue_post_blocks_image\">\n    <a href=\"https:\/\/juliamasvernat.com.ar\/en\/proyecto\/libros-cortados\/\" style=\"display:block;\"><img loading=\"lazy\" decoding=\"async\" src=\"https:\/\/juliamasvernat.com.ar\/wp-content\/uploads\/2025\/02\/libros-cortados02jpg-768x492.webp\"  alt=\"libros cortados02jpg\" width=\"768\" height=\"492\"><\/a>\n  <\/div>\n    \n  <div class=\"ue_post_blocks_content\">\n      \n     \n         \n    <div class=\"ue_post_blocks_title\"><a href=\"https:\/\/juliamasvernat.com.ar\/en\/proyecto\/libros-cortados\/\">Libros cortados<\/a><\/div>    \n              <div class=\"ue-grid-item-meta-data\">\n            <div class=\"ue-grid-item-meta-data-date\"><span class=\"ue-grid-item-meta-data-icon\"><i class=''><\/i><\/span> 2004<\/div>                    \t  \n    \t<\/div>\n         \n    \n            <\/div>\n  <a href=\"https:\/\/juliamasvernat.com.ar\/en\/proyecto\/libros-cortados\/\" style=\"display:block;position: absolute; width: 100%; height: 100%;\"><\/a>\n<\/div>\n\n<\/div>\n<!-- end Post Blocks Proyectos -->\t\t<\/div>\n\t\t\t\t<\/div>\n\t\t\t\t<div class=\"elementor-element elementor-element-72b17fe boton-flecha flecha-blanca elementor-widget elementor-widget-button\" data-id=\"72b17fe\" data-element_type=\"widget\" data-widget_type=\"button.default\">\n\t\t\t\t<div class=\"elementor-widget-container\">\n\t\t\t\t\t<div class=\"elementor-button-wrapper\">\n\t\t\t<a class=\"elementor-button elementor-button-link elementor-size-sm\" href=\"\/en\/proyectos\/\">\n\t\t\t\t\t\t<span class=\"elementor-button-content-wrapper\">\n\t\t\t\t\t\t<span class=\"elementor-button-icon\">\n\t\t\t\t<svg xmlns=\"http:\/\/www.w3.org\/2000\/svg\" viewbox=\"0 0 21 21\"><defs><style>      .cls-1 {        fill: #00132f;      }    <\/style><\/defs><g><g id=\"Capa_1\"><path class=\"cls-1\" d=\"M10.5,21c-.3,0-.5,0-.7-.3-.4-.4-.4-1,0-1.4l7.8-7.8H1c-.6,0-1-.4-1-1s.4-1,1-1h16.6L9.8,1.7c-.4-.4-.4-1,0-1.4s1-.4,1.4,0l9.5,9.5c.4.4.4,1,0,1.4l-9.5,9.5c-.2.2-.5.3-.7.3Z\"><\/path><\/g><\/g><\/svg>\t\t\t<\/span>\n\t\t\t\t\t\t\t\t\t<span class=\"elementor-button-text\">proyectos<\/span>\n\t\t\t\t\t<\/span>\n\t\t\t\t\t<\/a>\n\t\t<\/div>\n\t\t\t\t<\/div>\n\t\t\t\t<\/div>\n\t\t\t\t\t<\/div>\n\t\t\t\t<\/div>\n\t\t<div class=\"elementor-element elementor-element-25d92ef e-flex e-con-boxed e-con e-parent\" data-id=\"25d92ef\" data-element_type=\"container\" data-settings=\"{&quot;background_background&quot;:&quot;classic&quot;}\">\n\t\t\t\t\t<div class=\"e-con-inner\">\n\t\t\t\t<div class=\"elementor-element elementor-element-625f272 elementor-widget elementor-widget-heading\" data-id=\"625f272\" data-element_type=\"widget\" data-widget_type=\"heading.default\">\n\t\t\t\t<div class=\"elementor-widget-container\">\n\t\t\t<h4 class=\"elementor-heading-title elementor-size-default\">Julia Masvernat<\/h4>\t\t<\/div>\n\t\t\t\t<\/div>\n\t\t\t\t<div class=\"elementor-element elementor-element-bb1c8d3 elementor-widget elementor-widget-heading\" data-id=\"bb1c8d3\" data-element_type=\"widget\" data-widget_type=\"heading.default\">\n\t\t\t\t<div class=\"elementor-widget-container\">\n\t\t\t<h3 class=\"elementor-heading-title elementor-size-default\">Busco aquellos lugares de bordes difusos, donde las aguas se mezclan: el mar dulce.<\/h3>\t\t<\/div>\n\t\t\t\t<\/div>\n\t\t\t\t\t<\/div>\n\t\t\t\t<\/div>\n\t\t<div class=\"elementor-element elementor-element-f8e8420 e-flex e-con-boxed e-con e-parent\" data-id=\"f8e8420\" data-element_type=\"container\" data-settings=\"{&quot;background_background&quot;:&quot;classic&quot;}\">\n\t\t\t\t\t<div class=\"e-con-inner\">\n\t\t\t\t<div class=\"elementor-element elementor-element-277cf52 elementor-widget__width-initial elementor-widget elementor-widget-text-editor\" data-id=\"277cf52\" data-element_type=\"widget\" data-widget_type=\"text-editor.default\">\n\t\t\t\t<div class=\"elementor-widget-container\">\n\t\t\t\t\t\t\t<h4 class=\"label-enproceso\">EN PROCESO<\/h4><p>Dibujos digitales a partir del registro fotogr\u00e1fico de herrer\u00edas vern\u00e1culas en el barrio de la Paternal, Buenos Aires.<\/p>\t\t\t\t\t\t<\/div>\n\t\t\t\t<\/div>\n\t\t\t\t\t<\/div>\n\t\t\t\t<\/div>\n\t\t<div class=\"elementor-element elementor-element-288fb42 e-flex e-con-boxed e-con e-parent\" data-id=\"288fb42\" data-element_type=\"container\">\n\t\t\t\t\t<div class=\"e-con-inner\">\n\t\t\t\t<div class=\"elementor-element elementor-element-baaca9c lista-biblioteca elementor-widget elementor-widget-ucaddon_post_blocks_biblioteca\" data-id=\"baaca9c\" data-element_type=\"widget\" data-widget_type=\"ucaddon_post_blocks_biblioteca.default\">\n\t\t\t\t<div class=\"elementor-widget-container\">\n\t\t\t\n<!-- start Post Blocks Biblioteca -->\n\n<style>\/* widget: Post Blocks Biblioteca *\/\n\n\r\n@keyframes uc_post_blocks_biblioteca_elementor_baaca9c__item-animation {\r\n  0% {\r\n            transform: translateY(100px);\r\n        \t        \tfilter: blur(10px);\r\n\t\t\t\r\n    \t    opacity: 0;\r\n  }\r\n  100% {\r\n            transform: translateY(0px);\r\n        \t            filter: blur(0px);\r\n            \r\n    \t\topacity: 1;\r\n  }\r\n}\r\n\r\n\r\n#uc_post_blocks_biblioteca_elementor_baaca9c .ue_post_blocks_box{\r\n\topacity:0;\r\n}\r\n\r\n\r\n#uc_post_blocks_biblioteca_elementor_baaca9c .uc-entrance-animate {\r\n  opacity:1;\r\n}\r\n\r\n#uc_post_blocks_biblioteca_elementor_baaca9c .uc-entrance-animate {\r\n\tanimation: uc_post_blocks_biblioteca_elementor_baaca9c__item-animation 0.6s cubic-bezier(0.470, 0.000, 0.745, 0.715) both;\r\n}\r\n\r\n\t\t\t\n\n#uc_post_blocks_biblioteca_elementor_baaca9c {\n    display:grid;\n}\n#uc_post_blocks_biblioteca_elementor_baaca9c .ue_post_blocks_box\n{\n  overflow:hidden;\n}\n\n#uc_post_blocks_biblioteca_elementor_baaca9c .ue_post_blocks_image\n{\n  overflow:hidden;\n}\n#uc_post_blocks_biblioteca_elementor_baaca9c .ue_post_blocks_image img\n{\n  width:100%;\n  display:block;\n}\n#uc_post_blocks_biblioteca_elementor_baaca9c .ue_post_blocks_link a\n{\n  display:inline-block;\n  text-decoration:none;\n  text-align:center;\n}\n\n\n#uc_post_blocks_biblioteca_elementor_baaca9c .ue-grid-item-meta-data\n{\n  display:inlin-flex;\n  flex-wrap: wrap;\n}\n\n.ue-grid-item-meta-data\n{\n  font-size:12px;\n}\n\n#uc_post_blocks_biblioteca_elementor_baaca9c .ue-grid-item-meta-data-icon\n{\n  line-height:1em;\n}\n\n#uc_post_blocks_biblioteca_elementor_baaca9c .ue-grid-item-meta-data-icon svg\n{\n  width:1em;\n  height:1em;\n}\n\n#uc_post_blocks_biblioteca_elementor_baaca9c .ue_post_blocks_box{\n  display: flex;\n  flex-direction: column;\n}\n#uc_post_blocks_biblioteca_elementor_baaca9c .ue_post_blocks_content{\n display: flex; flex-grow: 1;\n flex-direction: column;\n}\n#uc_post_blocks_biblioteca_elementor_baaca9c .ue_post_blocks_link{ margin-top: auto;\n}\n\n.ue-grid-item-category a\n{\n  display:inline-block;\n  font-size:10px;\n  text-transform:uppercase;\n}\n\n\n\n\n<\/style>\n\n<div id=\"uc_post_blocks_biblioteca_elementor_baaca9c\" class=\"ue_post_blocks uc-items-wrapper\" >\n    <div class=\"ue_post_blocks_box\">\n    <div class=\"ue_post_blocks_image\">\n    <img loading=\"lazy\" decoding=\"async\" src=\"https:\/\/juliamasvernat.com.ar\/wp-content\/uploads\/2024\/10\/charla-macba-2024-768x576.webp\"  alt=\"charla macba 2024\" width=\"768\" height=\"576\">\n    <div class=\"ue-grid-item-category\"><a href=\"https:\/\/juliamasvernat.com.ar\/en\/categoria-de-articulo\/texto\/\">Texto<\/a><\/div>  <\/div>\n    <div class=\"ue_post_blocks_content\"> \n               <div class=\"ue-grid-item-meta-data\">            \n            <div class=\"ue-grid-item-meta-data-author\"><span class=\"ue-grid-item-meta-data-icon\"><i class=''><\/i><\/span>  Julia Masvernat, <span class=\"ue-grid-item-meta-data-icon\"><i class=''><\/i><\/span> 2024<\/div>        \t  \n    \t<\/div>\n         \n    <div class=\"ue_post_blocks_title\"><a href=\"https:\/\/juliamasvernat.com.ar\/en\/articulos\/anecdotas-y-prejuicios\/\">An\u00e9cdotas y prejuicios<\/a><\/div>    \n        \n    \n          <\/div>\n<a href=\"https:\/\/juliamasvernat.com.ar\/en\/articulos\/anecdotas-y-prejuicios\/\" style=\"display:block; position: absolute; width: 100%; height: 100%;\"><\/a>\n<\/div>\n<div class=\"ue_post_blocks_box\">\n    <div class=\"ue_post_blocks_image\">\n    <img loading=\"lazy\" decoding=\"async\" src=\"https:\/\/juliamasvernat.com.ar\/wp-content\/uploads\/2025\/02\/159985-cornelia-parker-anna-kucera-cold-dark-matter-an-exploded-view-1991.jpg\"  alt=\"159985-cornelia-parker-anna-kucera-cold-dark-matter-an-exploded-view-1991\" width=\"700\" height=\"467\">\n    <div class=\"ue-grid-item-category\"><a href=\"https:\/\/juliamasvernat.com.ar\/en\/categoria-de-articulo\/prensa\/\">Prensa<\/a><\/div>  <\/div>\n    <div class=\"ue_post_blocks_content\"> \n               <div class=\"ue-grid-item-meta-data\">            \n            <div class=\"ue-grid-item-meta-data-author\"><span class=\"ue-grid-item-meta-data-icon\"><i class=''><\/i><\/span>  Julia Masvernat, <span class=\"ue-grid-item-meta-data-icon\"><i class=''><\/i><\/span> 2021<\/div>        \t  \n    \t<\/div>\n         \n    <div class=\"ue_post_blocks_title\"><a href=\"https:\/\/www.pagina12.com.ar\/339638-algo-que-importa\">Algo que importa<\/a><\/div>    \n        \n    \n          <\/div>\n<a href=\"https:\/\/www.pagina12.com.ar\/339638-algo-que-importa\" style=\"display:block; position: absolute; width: 100%; height: 100%;\"><\/a>\n<\/div>\n<div class=\"ue_post_blocks_box\">\n    <div class=\"ue_post_blocks_image\">\n    <img loading=\"lazy\" decoding=\"async\" src=\"https:\/\/juliamasvernat.com.ar\/wp-content\/uploads\/2025\/02\/dermisache-jorndas-del-color-y-la-forma.webp\"  alt=\"dermisache-jorndas del color y la forma\" width=\"750\" height=\"603\">\n    <div class=\"ue-grid-item-category\"><a href=\"https:\/\/juliamasvernat.com.ar\/en\/categoria-de-articulo\/texto\/\">Texto<\/a><\/div>  <\/div>\n    <div class=\"ue_post_blocks_content\"> \n               <div class=\"ue-grid-item-meta-data\">            \n            <div class=\"ue-grid-item-meta-data-author\"><span class=\"ue-grid-item-meta-data-icon\"><i class=''><\/i><\/span>  Julia Masvernat, <span class=\"ue-grid-item-meta-data-icon\"><i class=''><\/i><\/span> 2017<\/div>        \t  \n    \t<\/div>\n         \n    <div class=\"ue_post_blocks_title\"><a href=\"https:\/\/juliamasvernat.com.ar\/en\/articulos\/conversaciones-con-a-traves-de-mirtha-dermisache\/\">Conversaciones con (a trav\u00e9s de) Mirtha Dermisache<\/a><\/div>    \n        \n    \n          <\/div>\n<a href=\"https:\/\/juliamasvernat.com.ar\/en\/articulos\/conversaciones-con-a-traves-de-mirtha-dermisache\/\" style=\"display:block; position: absolute; width: 100%; height: 100%;\"><\/a>\n<\/div>\n<div class=\"ue_post_blocks_box\">\n    <div class=\"ue_post_blocks_image\">\n    <img loading=\"lazy\" decoding=\"async\" src=\"https:\/\/juliamasvernat.com.ar\/wp-content\/uploads\/2011\/08\/acumulaciones-768x492.webp\"  alt=\"acumulaciones\" width=\"768\" height=\"492\">\n    <div class=\"ue-grid-item-category\"><a href=\"https:\/\/juliamasvernat.com.ar\/en\/categoria-de-articulo\/prensa\/\">Prensa<\/a><\/div>  <\/div>\n    <div class=\"ue_post_blocks_content\"> \n               <div class=\"ue-grid-item-meta-data\">            \n            <div class=\"ue-grid-item-meta-data-author\"><span class=\"ue-grid-item-meta-data-icon\"><i class=''><\/i><\/span>  Fabi\u00e1n Lebenglik, P\u00e1gina 12, <span class=\"ue-grid-item-meta-data-icon\"><i class=''><\/i><\/span> 2011<\/div>        \t  \n    \t<\/div>\n         \n    <div class=\"ue_post_blocks_title\"><a href=\"https:\/\/www.pagina12.com.ar\/diario\/suplementos\/espectaculos\/6-22685-2011-08-23.html\">Espacialidad y acumulaciones<\/a><\/div>    \n        \n    \n          <\/div>\n<a href=\"https:\/\/www.pagina12.com.ar\/diario\/suplementos\/espectaculos\/6-22685-2011-08-23.html\" style=\"display:block; position: absolute; width: 100%; height: 100%;\"><\/a>\n<\/div>\n<div class=\"ue_post_blocks_box\">\n    <div class=\"ue_post_blocks_image\">\n    <img loading=\"lazy\" decoding=\"async\" src=\"https:\/\/juliamasvernat.com.ar\/wp-content\/uploads\/2024\/09\/Las-preguntas-del-fondo-768x266.webp\"  alt=\"Las preguntas del fondo\" width=\"768\" height=\"266\">\n    <div class=\"ue-grid-item-category\"><a href=\"https:\/\/juliamasvernat.com.ar\/en\/categoria-de-articulo\/prensa\/\">Prensa<\/a><\/div>  <\/div>\n    <div class=\"ue_post_blocks_content\"> \n               <div class=\"ue-grid-item-meta-data\">            \n            <div class=\"ue-grid-item-meta-data-author\"><span class=\"ue-grid-item-meta-data-icon\"><i class=''><\/i><\/span>  Leticia El Halli Obeid, <span class=\"ue-grid-item-meta-data-icon\"><i class=''><\/i><\/span> 2009<\/div>        \t  \n    \t<\/div>\n         \n    <div class=\"ue_post_blocks_title\"><a href=\"https:\/\/artestasi.blogspot.com\/2009\/04\/las-preguntas-del-fondo.html\">Las preguntas del fondo<\/a><\/div>    \n        \n    \n          <\/div>\n<a href=\"https:\/\/artestasi.blogspot.com\/2009\/04\/las-preguntas-del-fondo.html\" style=\"display:block; position: absolute; width: 100%; height: 100%;\"><\/a>\n<\/div>\n<div class=\"ue_post_blocks_box\">\n    <div class=\"ue_post_blocks_image\">\n    <img loading=\"lazy\" decoding=\"async\" src=\"https:\/\/juliamasvernat.com.ar\/wp-content\/uploads\/2024\/09\/Siempre-es-mediodia-en-Brasilia.webp\"  alt=\"Siempre es mediodi\u0301a en Brasilia\" width=\"639\" height=\"545\">\n    <div class=\"ue-grid-item-category\"><a href=\"https:\/\/juliamasvernat.com.ar\/en\/categoria-de-articulo\/texto\/\">Texto<\/a><\/div>  <\/div>\n    <div class=\"ue_post_blocks_content\"> \n               <div class=\"ue-grid-item-meta-data\">            \n            <div class=\"ue-grid-item-meta-data-author\"><span class=\"ue-grid-item-meta-data-icon\"><i class=''><\/i><\/span>  Revista UR, <span class=\"ue-grid-item-meta-data-icon\"><i class=''><\/i><\/span> 2007<\/div>        \t  \n    \t<\/div>\n         \n    <div class=\"ue_post_blocks_title\"><a href=\"https:\/\/juliamasvernat.com.ar\/wp-content\/uploads\/2024\/09\/siempre-es-mediodia-en-brasilia.pdf\">Siempre es mediod\u00eda en Brasilia<\/a><\/div>    \n        \n    \n          <\/div>\n<a href=\"https:\/\/juliamasvernat.com.ar\/wp-content\/uploads\/2024\/09\/siempre-es-mediodia-en-brasilia.pdf\" style=\"display:block; position: absolute; width: 100%; height: 100%;\"><\/a>\n<\/div>\n<div class=\"ue_post_blocks_box\">\n    <div class=\"ue_post_blocks_image\">\n    <img loading=\"lazy\" decoding=\"async\" src=\"https:\/\/juliamasvernat.com.ar\/wp-content\/uploads\/2024\/09\/julia-masvernat-revista-shift.webp\"  alt=\"julia-masvernat-revista-shift\" width=\"561\" height=\"478\">\n    <div class=\"ue-grid-item-category\"><a href=\"https:\/\/juliamasvernat.com.ar\/en\/categoria-de-articulo\/prensa\/\">Prensa<\/a><\/div>  <\/div>\n    <div class=\"ue_post_blocks_content\"> \n               <div class=\"ue-grid-item-meta-data\">            \n            <div class=\"ue-grid-item-meta-data-author\"><span class=\"ue-grid-item-meta-data-icon\"><i class=''><\/i><\/span>  Gisella Lifchitz, Revista SHIFT, <span class=\"ue-grid-item-meta-data-icon\"><i class=''><\/i><\/span> 2006<\/div>        \t  \n    \t<\/div>\n         \n    <div class=\"ue_post_blocks_title\"><a href=\"https:\/\/www.shift.jp.org\/en\/archives\/2008\/06\/julia_masvernat.html\">Julia Masvernat<\/a><\/div>    \n        \n    \n          <\/div>\n<a href=\"https:\/\/www.shift.jp.org\/en\/archives\/2008\/06\/julia_masvernat.html\" style=\"display:block; position: absolute; width: 100%; height: 100%;\"><\/a>\n<\/div>\n<div class=\"ue_post_blocks_box\">\n    <div class=\"ue_post_blocks_image\">\n    <img loading=\"lazy\" decoding=\"async\" src=\"https:\/\/juliamasvernat.com.ar\/wp-content\/uploads\/2004\/11\/2003_cintas1_8-x8-8-cm_alta-768x773.jpg\"  alt=\"2003_cintas1_8 x8 8 cm_alta\" width=\"768\" height=\"773\">\n    <div class=\"ue-grid-item-category\"><a href=\"https:\/\/juliamasvernat.com.ar\/en\/categoria-de-articulo\/texto\/\">Texto<\/a><\/div>  <\/div>\n    <div class=\"ue_post_blocks_content\"> \n               <div class=\"ue-grid-item-meta-data\">            \n            <div class=\"ue-grid-item-meta-data-author\"><span class=\"ue-grid-item-meta-data-icon\"><i class=''><\/i><\/span>  Julia Masvernat, <span class=\"ue-grid-item-meta-data-icon\"><i class=''><\/i><\/span> 2004<\/div>        \t  \n    \t<\/div>\n         \n    <div class=\"ue_post_blocks_title\"><a href=\"https:\/\/juliamasvernat.com.ar\/en\/articulos\/abstraccion-2005-arte-abstracto-hoy-fragilidadresiliencia\/\">Abstracci\u00f3n\u00a0(2005) - Arte abstracto (hoy) =Fragilidad+resiliencia<\/a><\/div>    \n        \n    \n          <\/div>\n<a href=\"https:\/\/juliamasvernat.com.ar\/en\/articulos\/abstraccion-2005-arte-abstracto-hoy-fragilidadresiliencia\/\" style=\"display:block; position: absolute; width: 100%; height: 100%;\"><\/a>\n<\/div>\n\n<\/div>\n<!-- end Post Blocks Biblioteca -->\t\t<\/div>\n\t\t\t\t<\/div>\n\t\t\t\t\t<\/div>\n\t\t\t\t<\/div>\n\t\t<div class=\"elementor-element elementor-element-aab02cd e-flex e-con-boxed e-con e-parent\" data-id=\"aab02cd\" data-element_type=\"container\">\n\t\t\t\t\t<div class=\"e-con-inner\">\n\t\t\t\t<div class=\"elementor-element elementor-element-e5bf135 boton-flecha flecha-indigo elementor-mobile-align-right elementor-widget elementor-widget-button\" data-id=\"e5bf135\" data-element_type=\"widget\" data-widget_type=\"button.default\">\n\t\t\t\t<div class=\"elementor-widget-container\">\n\t\t\t\t\t<div class=\"elementor-button-wrapper\">\n\t\t\t<a class=\"elementor-button elementor-button-link elementor-size-sm\" href=\"\/en\/biblioteca\/\">\n\t\t\t\t\t\t<span class=\"elementor-button-content-wrapper\">\n\t\t\t\t\t\t<span class=\"elementor-button-icon\">\n\t\t\t\t<svg xmlns=\"http:\/\/www.w3.org\/2000\/svg\" viewbox=\"0 0 21 21\"><defs><style>      .cls-1 {        fill: #00132f;      }    <\/style><\/defs><g><g id=\"Capa_1\"><path class=\"cls-1\" d=\"M10.5,21c-.3,0-.5,0-.7-.3-.4-.4-.4-1,0-1.4l7.8-7.8H1c-.6,0-1-.4-1-1s.4-1,1-1h16.6L9.8,1.7c-.4-.4-.4-1,0-1.4s1-.4,1.4,0l9.5,9.5c.4.4.4,1,0,1.4l-9.5,9.5c-.2.2-.5.3-.7.3Z\"><\/path><\/g><\/g><\/svg>\t\t\t<\/span>\n\t\t\t\t\t\t\t\t\t<span class=\"elementor-button-text\">Biblioteca<\/span>\n\t\t\t\t\t<\/span>\n\t\t\t\t\t<\/a>\n\t\t<\/div>\n\t\t\t\t<\/div>\n\t\t\t\t<\/div>\n\t\t\t\t\t<\/div>\n\t\t\t\t<\/div>\n\t\t\t\t<\/div>","protected":false},"excerpt":{"rendered":"<p>JULIA masvernat Glosario Visual Nocturama 2025 \u00bfC\u00f3mo se domestica una lengua salvaje? 2024 Fuerza suave 2024 El hueso de la pintura #3 2023 Posturas cr\u00edticas 2021 El hueso de la pintura #2 2021 La Lengua en la Calle 2020 El hueso de la pintura #1 2019 Las formas fugaces 2019 Propagaci\u00f3n de las ondas s\u00edsmicas [&hellip;]<\/p>","protected":false},"author":1,"featured_media":0,"parent":0,"menu_order":0,"comment_status":"closed","ping_status":"closed","template":"elementor_theme","meta":{"_acf_changed":false,"footnotes":"","_links_to":"","_links_to_target":""},"class_list":["post-23","page","type-page","status-publish","hentry"],"acf":[],"yoast_head":"<!-- This site is optimized with the Yoast SEO plugin v27.4 - https:\/\/yoast.com\/product\/yoast-seo-wordpress\/ -->\n<title>Inicio - Julia Masvernat<\/title>\n<meta name=\"robots\" content=\"index, follow, max-snippet:-1, max-image-preview:large, max-video-preview:-1\" \/>\n<link rel=\"canonical\" href=\"https:\/\/juliamasvernat.com.ar\/en\/\" \/>\n<meta property=\"og:locale\" content=\"en_US\" \/>\n<meta property=\"og:type\" content=\"article\" \/>\n<meta property=\"og:title\" content=\"Inicio - Julia Masvernat\" \/>\n<meta property=\"og:description\" content=\"JULIA masvernat Glosario Visual Nocturama 2025 \u00bfC\u00f3mo se domestica una lengua salvaje? 2024 Fuerza suave 2024 El hueso de la pintura #3 2023 Posturas cr\u00edticas 2021 El hueso de la pintura #2 2021 La Lengua en la Calle 2020 El hueso de la pintura #1 2019 Las formas fugaces 2019 Propagaci\u00f3n de las ondas s\u00edsmicas [&hellip;]\" \/>\n<meta property=\"og:url\" content=\"https:\/\/juliamasvernat.com.ar\/en\/\" \/>\n<meta property=\"og:site_name\" content=\"Julia Masvernat\" \/>\n<meta property=\"article:modified_time\" content=\"2025-02-16T15:54:49+00:00\" \/>\n<meta property=\"og:image\" content=\"https:\/\/juliamasvernat.com.ar\/wp-content\/uploads\/2025\/02\/nocturama13-768x492.webp\" \/>\n<meta name=\"twitter:card\" content=\"summary_large_image\" \/>\n<meta name=\"twitter:label1\" content=\"Est. reading time\" \/>\n\t<meta name=\"twitter:data1\" content=\"7 minutes\" \/>\n<script type=\"application\/ld+json\" class=\"yoast-schema-graph\">{\"@context\":\"https:\\\/\\\/schema.org\",\"@graph\":[{\"@type\":\"WebPage\",\"@id\":\"https:\\\/\\\/juliamasvernat.com.ar\\\/\",\"url\":\"https:\\\/\\\/juliamasvernat.com.ar\\\/\",\"name\":\"Inicio - Julia Masvernat\",\"isPartOf\":{\"@id\":\"https:\\\/\\\/juliamasvernat.com.ar\\\/#website\"},\"primaryImageOfPage\":{\"@id\":\"https:\\\/\\\/juliamasvernat.com.ar\\\/#primaryimage\"},\"image\":{\"@id\":\"https:\\\/\\\/juliamasvernat.com.ar\\\/#primaryimage\"},\"thumbnailUrl\":\"https:\\\/\\\/juliamasvernat.com.ar\\\/wp-content\\\/uploads\\\/2025\\\/02\\\/nocturama13-768x492.webp\",\"datePublished\":\"2024-09-17T18:32:00+00:00\",\"dateModified\":\"2025-02-16T15:54:49+00:00\",\"breadcrumb\":{\"@id\":\"https:\\\/\\\/juliamasvernat.com.ar\\\/#breadcrumb\"},\"inLanguage\":\"en-US\",\"potentialAction\":[{\"@type\":\"ReadAction\",\"target\":[\"https:\\\/\\\/juliamasvernat.com.ar\\\/\"]}]},{\"@type\":\"ImageObject\",\"inLanguage\":\"en-US\",\"@id\":\"https:\\\/\\\/juliamasvernat.com.ar\\\/#primaryimage\",\"url\":\"https:\\\/\\\/juliamasvernat.com.ar\\\/wp-content\\\/uploads\\\/2025\\\/02\\\/nocturama13-768x492.webp\",\"contentUrl\":\"https:\\\/\\\/juliamasvernat.com.ar\\\/wp-content\\\/uploads\\\/2025\\\/02\\\/nocturama13-768x492.webp\"},{\"@type\":\"BreadcrumbList\",\"@id\":\"https:\\\/\\\/juliamasvernat.com.ar\\\/#breadcrumb\",\"itemListElement\":[{\"@type\":\"ListItem\",\"position\":1,\"name\":\"Portada\",\"item\":\"https:\\\/\\\/juliamasvernat.com.ar\\\/\"},{\"@type\":\"ListItem\",\"position\":2,\"name\":\"Inicio\"}]},{\"@type\":\"WebSite\",\"@id\":\"https:\\\/\\\/juliamasvernat.com.ar\\\/#website\",\"url\":\"https:\\\/\\\/juliamasvernat.com.ar\\\/\",\"name\":\"Julia Masvernat\",\"description\":\"Artista visual y docente\",\"publisher\":{\"@id\":\"https:\\\/\\\/juliamasvernat.com.ar\\\/#organization\"},\"potentialAction\":[{\"@type\":\"SearchAction\",\"target\":{\"@type\":\"EntryPoint\",\"urlTemplate\":\"https:\\\/\\\/juliamasvernat.com.ar\\\/?s={search_term_string}\"},\"query-input\":{\"@type\":\"PropertyValueSpecification\",\"valueRequired\":true,\"valueName\":\"search_term_string\"}}],\"inLanguage\":\"en-US\"},{\"@type\":\"Organization\",\"@id\":\"https:\\\/\\\/juliamasvernat.com.ar\\\/#organization\",\"name\":\"Julia Masvernat\",\"url\":\"https:\\\/\\\/juliamasvernat.com.ar\\\/\",\"logo\":{\"@type\":\"ImageObject\",\"inLanguage\":\"en-US\",\"@id\":\"https:\\\/\\\/juliamasvernat.com.ar\\\/#\\\/schema\\\/logo\\\/image\\\/\",\"url\":\"https:\\\/\\\/juliamasvernat.com.ar\\\/wp-content\\\/uploads\\\/2024\\\/09\\\/logo-julia-masvernat.svg\",\"contentUrl\":\"https:\\\/\\\/juliamasvernat.com.ar\\\/wp-content\\\/uploads\\\/2024\\\/09\\\/logo-julia-masvernat.svg\",\"caption\":\"Julia Masvernat\"},\"image\":{\"@id\":\"https:\\\/\\\/juliamasvernat.com.ar\\\/#\\\/schema\\\/logo\\\/image\\\/\"}}]}<\/script>\n<!-- \/ Yoast SEO plugin. -->","yoast_head_json":{"title":"Inicio - Julia Masvernat","robots":{"index":"index","follow":"follow","max-snippet":"max-snippet:-1","max-image-preview":"max-image-preview:large","max-video-preview":"max-video-preview:-1"},"canonical":"https:\/\/juliamasvernat.com.ar\/en\/","og_locale":"en_US","og_type":"article","og_title":"Inicio - Julia Masvernat","og_description":"JULIA masvernat Glosario Visual Nocturama 2025 \u00bfC\u00f3mo se domestica una lengua salvaje? 2024 Fuerza suave 2024 El hueso de la pintura #3 2023 Posturas cr\u00edticas 2021 El hueso de la pintura #2 2021 La Lengua en la Calle 2020 El hueso de la pintura #1 2019 Las formas fugaces 2019 Propagaci\u00f3n de las ondas s\u00edsmicas [&hellip;]","og_url":"https:\/\/juliamasvernat.com.ar\/en\/","og_site_name":"Julia Masvernat","article_modified_time":"2025-02-16T15:54:49+00:00","og_image":[{"url":"https:\/\/juliamasvernat.com.ar\/wp-content\/uploads\/2025\/02\/nocturama13-768x492.webp","type":"","width":"","height":""}],"twitter_card":"summary_large_image","twitter_misc":{"Est. reading time":"7 minutes"},"schema":{"@context":"https:\/\/schema.org","@graph":[{"@type":"WebPage","@id":"https:\/\/juliamasvernat.com.ar\/","url":"https:\/\/juliamasvernat.com.ar\/","name":"Inicio - Julia Masvernat","isPartOf":{"@id":"https:\/\/juliamasvernat.com.ar\/#website"},"primaryImageOfPage":{"@id":"https:\/\/juliamasvernat.com.ar\/#primaryimage"},"image":{"@id":"https:\/\/juliamasvernat.com.ar\/#primaryimage"},"thumbnailUrl":"https:\/\/juliamasvernat.com.ar\/wp-content\/uploads\/2025\/02\/nocturama13-768x492.webp","datePublished":"2024-09-17T18:32:00+00:00","dateModified":"2025-02-16T15:54:49+00:00","breadcrumb":{"@id":"https:\/\/juliamasvernat.com.ar\/#breadcrumb"},"inLanguage":"en-US","potentialAction":[{"@type":"ReadAction","target":["https:\/\/juliamasvernat.com.ar\/"]}]},{"@type":"ImageObject","inLanguage":"en-US","@id":"https:\/\/juliamasvernat.com.ar\/#primaryimage","url":"https:\/\/juliamasvernat.com.ar\/wp-content\/uploads\/2025\/02\/nocturama13-768x492.webp","contentUrl":"https:\/\/juliamasvernat.com.ar\/wp-content\/uploads\/2025\/02\/nocturama13-768x492.webp"},{"@type":"BreadcrumbList","@id":"https:\/\/juliamasvernat.com.ar\/#breadcrumb","itemListElement":[{"@type":"ListItem","position":1,"name":"Portada","item":"https:\/\/juliamasvernat.com.ar\/"},{"@type":"ListItem","position":2,"name":"Inicio"}]},{"@type":"WebSite","@id":"https:\/\/juliamasvernat.com.ar\/#website","url":"https:\/\/juliamasvernat.com.ar\/","name":"Julia Masvernat","description":"Artista visual y docente","publisher":{"@id":"https:\/\/juliamasvernat.com.ar\/#organization"},"potentialAction":[{"@type":"SearchAction","target":{"@type":"EntryPoint","urlTemplate":"https:\/\/juliamasvernat.com.ar\/?s={search_term_string}"},"query-input":{"@type":"PropertyValueSpecification","valueRequired":true,"valueName":"search_term_string"}}],"inLanguage":"en-US"},{"@type":"Organization","@id":"https:\/\/juliamasvernat.com.ar\/#organization","name":"Julia Masvernat","url":"https:\/\/juliamasvernat.com.ar\/","logo":{"@type":"ImageObject","inLanguage":"en-US","@id":"https:\/\/juliamasvernat.com.ar\/#\/schema\/logo\/image\/","url":"https:\/\/juliamasvernat.com.ar\/wp-content\/uploads\/2024\/09\/logo-julia-masvernat.svg","contentUrl":"https:\/\/juliamasvernat.com.ar\/wp-content\/uploads\/2024\/09\/logo-julia-masvernat.svg","caption":"Julia Masvernat"},"image":{"@id":"https:\/\/juliamasvernat.com.ar\/#\/schema\/logo\/image\/"}}]}},"_links":{"self":[{"href":"https:\/\/juliamasvernat.com.ar\/en\/wp-json\/wp\/v2\/pages\/23","targetHints":{"allow":["GET"]}}],"collection":[{"href":"https:\/\/juliamasvernat.com.ar\/en\/wp-json\/wp\/v2\/pages"}],"about":[{"href":"https:\/\/juliamasvernat.com.ar\/en\/wp-json\/wp\/v2\/types\/page"}],"author":[{"embeddable":true,"href":"https:\/\/juliamasvernat.com.ar\/en\/wp-json\/wp\/v2\/users\/1"}],"replies":[{"embeddable":true,"href":"https:\/\/juliamasvernat.com.ar\/en\/wp-json\/wp\/v2\/comments?post=23"}],"version-history":[{"count":181,"href":"https:\/\/juliamasvernat.com.ar\/en\/wp-json\/wp\/v2\/pages\/23\/revisions"}],"predecessor-version":[{"id":1830,"href":"https:\/\/juliamasvernat.com.ar\/en\/wp-json\/wp\/v2\/pages\/23\/revisions\/1830"}],"wp:attachment":[{"href":"https:\/\/juliamasvernat.com.ar\/en\/wp-json\/wp\/v2\/media?parent=23"}],"curies":[{"name":"wp","href":"https:\/\/api.w.org\/{rel}","templated":true}]}}